{"id":30385,"date":"2023-10-12T14:26:54","date_gmt":"2023-10-12T12:26:54","guid":{"rendered":"https:\/\/sha.de\/bureau-darchitecture-commerce-de-velos"},"modified":"2024-08-28T14:59:58","modified_gmt":"2024-08-28T12:59:58","slug":"bureau-darchitecture-commerce-de-velos","status":"publish","type":"page","link":"https:\/\/sha.de\/fr\/bureau-darchitecture-commerce-de-velos","title":{"rendered":"Bureau d&rsquo;architecture commerce de v\u00e9los"},"content":{"rendered":"<div id='av_section_1' class='avia-section main_color pt-default pb-default avia-no-border-styling avia-bg-style-scroll  avia-builder-el-0  el_before_av_section  avia-builder-el-first   container_wrap fullsize' style=' '  ><div class='container' ><main  role=\"main\" itemprop=\"mainContentOfPage\"  class='template-page content  av-content-full alpha units'><div class='post-entry post-entry-type-page post-entry-30385'><div class='entry-content-wrapper clearfix'>\n\n\t\t\t<div id=\"av-mbv4jx\" class=\"headline-column flex_column av_one_full flex_column_div first \">\n\t\t\t\t<div class=\"headline-wrap is-outside align-center sub-bottom\">\n\t\t\t\t\t<h1 class=\"headline-content headline-primary\">Votre bureau d\u2019architecture pour le commerce de v\u00e9los<\/h1>\n\t\t\t\t\t<h3 class=\"headline-content headline-secondary\">Nous planifions pour vous - dans toute l\u2019Allemagne<\/h3>\n\t\t\t\t<\/div>\n\t\t\t<\/div>\n<div class=\"flex_column av_one_third  flex_column_div av-zero-column-padding first       avia-builder-el-2  el_after_pixel_sc_headline  el_before_av_one_third  \"><section  class='av_textblock_section av-ja2slp-73eee1748a9a163fb1290d4a1196863b '   itemscope=\"itemscope\" itemtype=\"https:\/\/schema.org\/CreativeWork\" ><div class='avia_textblock'  itemprop=\"text\" ><p>Vous avez un magasin de v\u00e9los &#8211; et vous envisagez de construire, de transformer ou d&rsquo;agrandir votre magasin ? N&rsquo;h\u00e9sitez pas \u00e0 nous contacter ! Depuis plus de 20 ans, nous conseillons les concessionnaires de deux-roues dans toute l&rsquo;Allemagne et planifions pour vous votre point de vente, de l&rsquo;analyse du site \u00e0 la remise des cl\u00e9s, pendant que vous continuez \u00e0 vous concentrer sur votre activit\u00e9 principale.<\/p>\n<p>L&rsquo;\u00e9largissement consid\u00e9rable de votre gamme de produits a modifi\u00e9 les exigences en mati\u00e8re de processus internes et d&rsquo;espace &#8211; mot-cl\u00e9 : v\u00e9los \u00e9lectriques. Gr\u00e2ce \u00e0 notre savoir-faire sp\u00e9cifique au secteur, nous d\u00e9veloppons avec vous une strat\u00e9gie de construction pour votre entreprise.<\/p>\n<h3>Nouvelle construction ?<\/h3>\n<p>Lors de la construction d&rsquo;un nouveau b\u00e2timent, outre les besoins individuels, les relations fonctionnelles fondamentales entre la vente, le stockage et l&rsquo;atelier sont d\u00e9velopp\u00e9es de mani\u00e8re id\u00e9ale. Dans de nombreux cas, nous accompagnons nos ma\u00eetres d&rsquo;ouvrage dans la recherche commune de terrains, dans le d\u00e9veloppement du projet avec des divisions de terrains, la pr\u00e9paration des terrains \u00e0 la construction et l&rsquo;\u00e9laboration de plans d&rsquo;am\u00e9nagement.<\/p>\n<\/div><\/section><\/div><div class=\"flex_column av_one_third  flex_column_div av-zero-column-padding        avia-builder-el-4  el_after_av_one_third  el_before_av_one_third  \"><section  class='av_textblock_section av-1mucpp-7a1e2a6f44c1038fb1e97c7a47e4ced8 '   itemscope=\"itemscope\" itemtype=\"https:\/\/schema.org\/CreativeWork\" ><div class='avia_textblock'  itemprop=\"text\" ><h4>\u00c9largissement&#8230;<\/h4>\n<p>Dans d&rsquo;autres cas, il existe une opportunit\u00e9 d&rsquo;\u00e9tendre les espaces existants. L&rsquo;\u00e9largissement de la gamme de produits n&rsquo;a pas seulement un impact sur la taille des surfaces de vente \u00e0 planifier, mais aussi sur l&rsquo;\u00e9volution des conditions en mati\u00e8re de logistique et d&rsquo;ateliers.<\/p>\n<h4>Reconstruction&#8230;<\/h4>\n<p>Dans certains cas, le stock peut \u00eatre converti. En \u00e9quipe, nous nous accordons d&rsquo;une part sur les exigences architecturales d&rsquo;un site et d&rsquo;un corps de b\u00e2timent optimis\u00e9s sur le plan fonctionnel, et nous explorons d&rsquo;autre part la viabilit\u00e9 \u00e9conomique &#8211; la proverbiale \u00ab\u00a0abordabilit\u00e9\u00a0\u00bb. Ainsi, le financement repose sur une base stable d\u00e8s le d\u00e9part.<\/p>\n<p>D&rsquo;autres exigences marquantes pour les structures architecturales proviennent de caract\u00e9ristiques sp\u00e9ciales de logistique et d&rsquo;optimisation des performances.<\/p>\n<\/div><\/section><\/div><div class=\"flex_column av_one_third  flex_column_div av-zero-column-padding first       avia-builder-el-6  el_after_av_one_third  el_before_av_one_full  column-top-margin\"><section  class='av_textblock_section av-ceyejh-cf1067285751856cf3c1015417f8ab28 '   itemscope=\"itemscope\" itemtype=\"https:\/\/schema.org\/CreativeWork\" ><div class='avia_textblock'  itemprop=\"text\" ><p>On peut citer par exemple l&rsquo;exigence d&rsquo;un \u00ab\u00a0flux de marchandises unidimensionnel\u00a0\u00bb, l&rsquo;\u00e9mancipation visuelle\/architecturale de la vente et de l&rsquo;atelier (de r\u00e9paration) ou l&rsquo;int\u00e9gration du montage de nouveaux v\u00e9los dans le processus logistique.<\/p>\n<h4>Nous sommes vos sp\u00e9cialistes de la vente de v\u00e9los<\/h4>\n<p>Dans tous les projets, nos ma\u00eetres d&rsquo;ouvrage b\u00e9n\u00e9ficient de l&rsquo;interaction de notre cabinet d&rsquo;architecture avec nos partenaires de r\u00e9seau, des planificateurs sp\u00e9cialis\u00e9s, des experts en marketing, des constructeurs de rayonnages, des entrepreneurs et bien d&rsquo;autres. Vous obtenez ainsi un concept de site personnalis\u00e9 et optimis\u00e9 \u00e0 tous points de vue, que nous mettons en \u0153uvre pour vous jusqu&rsquo;\u00e0 son ach\u00e8vement, avec la plus grande transparence en termes de d\u00e9lais et de co\u00fbts.<\/p>\n<p>Car au final, c&rsquo;est tr\u00e8s simple : si vous faites une mise en sc\u00e8ne grandiose, vous vendrez plus. Nous vous cr\u00e9ons l&rsquo;espace n\u00e9cessaire !<\/p>\n<\/div><\/section><\/div><div class=\"flex_column av_one_full  flex_column_div av-zero-column-padding first bg-default      avia-builder-el-8  el_after_av_one_third  avia-builder-el-last  column-top-margin\"><div class=\"slickgallery \">\n\t<div class=\"pixel-slide-wrap\">\n\t\t<div class=\"pixel-slide\" style=\"display: block; width: 100%; float: left;\">\n\t\t\t\t\n\t\t\t\t\t\t\t\t\t\t\t\t\t\n\t\t\t\t\t<div class=\"pixel-slide__image-wrap slide-1\">\n\t\t\t\t\t\t\t<div class=\"pixel-slide__image \"><a href=\"https:\/\/sha.de\/wp-content\/uploads\/Radwelt-Hild-Freiburg_Ausstellung_CE379-277_2014.jpg\" rel=\"lightbox\"><img decoding=\"async\" src=\"https:\/\/sha.de\/wp-content\/uploads\/Radwelt-Hild-Freiburg_Ausstellung_CE379-277_2014-706x368.jpg\" alt=\"CE379 277 | \u00a9 Christian Eblenkamp\" title=\"CE379 277 | \u00a9 Christian Eblenkamp\"><\/a><\/div>\n\t\t\t\t\t<\/div>\n\t\t\t\t\n\t\t\t\t\t\t\t\t\t\t\t\t\t\n\t\t\t\t\t<div class=\"pixel-slide__image-wrap slide-2\">\n\t\t\t\t\t\t\t<div class=\"pixel-slide__image \"><a href=\"https:\/\/sha.de\/wp-content\/uploads\/Radwelt-Coesfeld_Innenraum_CE443-213_2016.jpg\" rel=\"lightbox\"><img decoding=\"async\" src=\"https:\/\/sha.de\/wp-content\/uploads\/Radwelt-Coesfeld_Innenraum_CE443-213_2016-706x368.jpg\" alt=\"CE443 213 | \u00a9 Christian Eblenkamp\" title=\"CE443 213 | \u00a9 Christian Eblenkamp\"><\/a><\/div>\n\t\t\t\t\t<\/div>\n\t\t\t\t\n\t\t\t\t\t\t\t\t\t\t\t\t\t\n\t\t\t\t\t<div class=\"pixel-slide__image-wrap slide-3\">\n\t\t\t\t\t\t\t<div class=\"pixel-slide__image \"><a href=\"https:\/\/sha.de\/wp-content\/uploads\/Radwelt-Coesfeld_Ausstellung-E-Bikes_CE443-94_2016.jpg\" rel=\"lightbox\"><img decoding=\"async\" src=\"https:\/\/sha.de\/wp-content\/uploads\/Radwelt-Coesfeld_Ausstellung-E-Bikes_CE443-94_2016-706x368.jpg\" alt=\"CE443 94 | \u00a9 Christian Eblenkamp\" title=\"CE443 94 | \u00a9 Christian Eblenkamp\"><\/a><\/div>\n\t\t\t\t\t<\/div>\n\t\t\t\t\n\t\t\t\t\t\t\t\t\t\t\t\t\t\n\t\t\t\t\t<div class=\"pixel-slide__image-wrap slide-4\">\n\t\t\t\t\t\t\t<div class=\"pixel-slide__image \"><a href=\"https:\/\/sha.de\/wp-content\/uploads\/Fahrradhandel-Hild-Freiburg-Haupteingang-bei-Nacht_CE379-195_2014.jpg\" rel=\"lightbox\"><img decoding=\"async\" src=\"https:\/\/sha.de\/wp-content\/uploads\/Fahrradhandel-Hild-Freiburg-Haupteingang-bei-Nacht_CE379-195_2014-706x368.jpg\" alt=\"CE379 195 | \u00a9 Christian Eblenkamp\" title=\"CE379 195 | \u00a9 Christian Eblenkamp\"><\/a><\/div>\n\t\t\t\t\t<\/div>\n\t\t\t\t\n\t\t\t\t\t\t\t\t\t\t\t\t\t\n\t\t\t\t\t<div class=\"pixel-slide__image-wrap slide-5\">\n\t\t\t\t\t\t\t<div class=\"pixel-slide__image \"><a href=\"https:\/\/sha.de\/wp-content\/uploads\/Fahrrad-Nahaufnahme.jpg\" rel=\"lightbox\"><img decoding=\"async\" src=\"https:\/\/sha.de\/wp-content\/uploads\/Fahrrad-Nahaufnahme-706x368.jpg\" alt=\"Fahrrad Nahaufnahme\" title=\"Fahrrad Nahaufnahme\"><\/a><\/div>\n\t\t\t\t\t<\/div>\n\t\t\t\t\t\t<\/div>\n\t<\/div>\n<\/div><\/div><\/div><\/div><\/main><!-- close content main element --><\/div><\/div><div id='av_section_2' class='avia-section main_color pt-large pb-large avia-no-border-styling avia-bg-style-scroll  avia-builder-el-10  el_after_av_section  el_before_av_section   container_wrap fullsize' style=' '  ><div class='container' ><div class='template-page content  av-content-full alpha units'><div class='post-entry post-entry-type-page post-entry-30385'><div class='entry-content-wrapper clearfix'>\n\n\t\t\t<div id=\"av-6fi9v1\" class=\"headline-column flex_column av_one_full flex_column_div first \">\n\t\t\t\t<div class=\"headline-wrap is-outside align-center sub-bottom\">\n\t\t\t\t\t<h2 class=\"headline-content headline-primary\">Services pour le commerce de v\u00e9los<\/h2>\n\t\t\t\t\t<h3 class=\"headline-content headline-secondary\">Notre gamme compl\u00e8te de services<\/h3>\n\t\t\t\t<\/div>\n\t\t\t<\/div>\n<div class=\"flex_column av_one_full  flex_column_div av-zero-column-padding first       avia-builder-el-12  el_after_pixel_sc_headline  avia-builder-el-last  \"><ul class=\"icon-row leistungen \">\n\t<li class=\"icon-row__entry beratung\">\n\t\t<a class=\"icon-row__entry-link\" href=\"https:\/\/sha.de\/leistungen\/beratung\">\n\t\t\t<div class=\"icon-row__entry-image\">\n\t\t\t\t<div class=\"entry-image-svg\"><\/div>\n\t\t\t\t<!-- <div class=\"entry-image-hover\"><\/div> -->\n\t\t\t<\/div>\n\t\t\t<div class=\"icon-row__entry-text\">Conseil<\/div>\n\t\t<\/a>\n\t<\/li>\n\t<li class=\"icon-row__entry konzept\">\n\t\t<a class=\"icon-row__entry-link\" href=\"https:\/\/sha.de\/leistungen\/analyse-und-konzept\">\n\t\t\t<div class=\"icon-row__entry-image\">\n\t\t\t\t<div class=\"entry-image-svg\"><\/div>\n\t\t\t\t<!-- <div class=\"entry-image-hover\"><\/div> -->\n\t\t\t<\/div>\n\t\t\t<div class=\"icon-row__entry-text\">Analyse & concept<\/div>\n\t\t<\/a>\n\t<\/li>\n\t<li class=\"icon-row__entry planung\">\n\t\t<a class=\"icon-row__entry-link\" href=\"https:\/\/sha.de\/leistungen\/planung-und-koordination\">\n\t\t\t<div class=\"icon-row__entry-image\">\n\t\t\t\t<div class=\"entry-image-svg\"><\/div>\n\t\t\t\t<!-- <div class=\"entry-image-hover\"><\/div> -->\n\t\t\t<\/div>\n\t\t\t<div class=\"icon-row__entry-text\">Planification & coordination<\/div>\n\t\t<\/a>\n\t<\/li>\n\t<li class=\"icon-row__entry realisierung\">\n\t\t<a class=\"icon-row__entry-link\" href=\"https:\/\/sha.de\/leistungen\/realisierung\">\n\t\t\t<div class=\"icon-row__entry-image\">\n\t\t\t\t<div class=\"entry-image-svg\"><\/div>\n\t\t\t\t<!-- <div class=\"entry-image-hover\"><\/div> -->\n\t\t\t<\/div>\n\t\t\t<div class=\"icon-row__entry-text\">R\u00e9alisation<\/div>\n\t\t<\/a>\n\t<\/li>\n\t<li class=\"icon-row__entry nachbetreuung\">\n\t\t<a class=\"icon-row__entry-link\" href=\"https:\/\/sha.de\/leistungen\/nachbetreuung\">\n\t\t\t<div class=\"icon-row__entry-image\">\n\t\t\t\t<div class=\"entry-image-svg\"><\/div>\n\t\t\t\t<!-- <div class=\"entry-image-hover\"><\/div> -->\n\t\t\t<\/div>\n\t\t\t<div class=\"icon-row__entry-text\">Suivi<\/div>\n\t\t<\/a>\n\t<\/li>\n<\/ul><\/div>\n<\/p>\n<\/div><\/div><\/div><!-- close content main div --><\/div><\/div><div id='av_section_3' class='avia-section main_color pt-default pb-default avia-no-border-styling avia-bg-style-scroll  avia-builder-el-14  el_after_av_section  avia-builder-el-last   container_wrap fullsize' style=' '  ><div class='container' ><div class='template-page content  av-content-full alpha units'><div class='post-entry post-entry-type-page post-entry-30385'><div class='entry-content-wrapper clearfix'>\n\t<div class=\"referenzgrid flex_column av_one_full first\">\n\t\t\t\t<div class=\"referenzgrid-wrap flex_column av_one_full column-top-margin first\">\n\t\t\t\t\t\t<div class=\"referenzgrid-section flex_column av_one_full first\">\n\t\t\t\t\t\t\t\t\t\t\t\t\t\t\t\t\t\t\t\t\t\t\t\t\t\t\t\t\t\t\t\t\t\t\t\t\t\t\t\t\t\t\t\t\t\t\t\t\t\t\t\t\t\t\t\t\t\t\t<div class=\"flex_column av_one_third referenz-column first \">\n\t\t\t\t\t\t\t<article id=\"\" class=\"card-entry referenz-entry static-button   text-align-left has-link   heading-link  has-button \">\n\t<div class=\"card-entry__inner\">\n\t\t\n\t\n\t\t<div class=\"card-entry__media media-type-\">\n\t<div class=\"card-entry__media-inner\">\n\n\t\t<div class=\"card_entry__referenz\">\n\t\t\t<div class=\"card_entry__referenz-inner\">\n\t\t\t\t\t\t\t\t\t<div class=\"card-entry__heading\">\n\t<div class=\"card-entry__heading-inner\">\n\n\n\t\t\t\n\t\t\t\n\t\t\t<a class=\"card-entry__link\" href=\"https:\/\/sha.de\/fr\/projects\/commerce-de-velos\/radwelt-harsefeld-nouvelle-construction\" target=\"_self\">\n\t\t\t\t\t\t\t<h3 class=\"card-entry__headline  \">\n\t\t\t\t\tRadwelt Harsefeld : Nouvelle construction\n\t\t\t\t<\/h3>\n\t\t\t\n\t\t\t\n\t\t<\/a>\n\t<\/div>\n<\/div>\n\t\t\t\t\t\t\t<\/div>\n\t\t<\/div>\n\n\t\t\t\t\t<div class=\"card-entry__action\">\n\t<div class=\"card-entry__action-inner\">\n\t\t<div class=\"card-entry__button-wrap avia-button-wrap avia-button-right theme-fill\">\n\t\t\t\t\t\t\t<a class=\"card-entry__button avia-button avia-button color-ci-black hover-yellow avia-size-small  avia-position-right\" href=\"https:\/\/sha.de\/fr\/projects\/commerce-de-velos\/radwelt-harsefeld-nouvelle-construction\" target=\"\">\n\t\t\t\t\t<span class=\"button-icon\"><i class=\"icon-arrow_next\"><\/i><\/span><span class=\"button-text\">lire la suite<\/span>\n\t\t\t\t<\/a>\n\t\t\t\t\t<\/div>\n\t<\/div>\n<\/div>\n\t\t\n\t\t\t\t\t<a href=\"https:\/\/sha.de\/fr\/projects\/commerce-de-velos\/radwelt-harsefeld-nouvelle-construction\" class=\"slide-image\" title=\"\"><img decoding=\"async\" src=\"https:\/\/sha.de\/wp-content\/uploads\/128_-MFW_Fertigteilwerke_Harsefeld-706x564.jpg\" \/><\/a>\n\t\t\t<\/div>\n<\/div>\n\n\t\n\t<\/div>\n<\/article>\n\t\t\t\t\t\t<\/div>\n\t\t\t\t\t\t\t\t\t\t\t\t\t\t\t\t\t\t\t\t<div class=\"flex_column av_one_third referenz-column  \">\n\t\t\t\t\t\t\t<article id=\"\" class=\"card-entry referenz-entry static-button   text-align-left has-link   heading-link  has-button \">\n\t<div class=\"card-entry__inner\">\n\t\t\n\t\n\t\t<div class=\"card-entry__media media-type-\">\n\t<div class=\"card-entry__media-inner\">\n\n\t\t<div class=\"card_entry__referenz\">\n\t\t\t<div class=\"card_entry__referenz-inner\">\n\t\t\t\t\t\t\t\t\t<div class=\"card-entry__heading\">\n\t<div class=\"card-entry__heading-inner\">\n\n\n\t\t\t\n\t\t\t\n\t\t\t<a class=\"card-entry__link\" href=\"https:\/\/sha.de\/fr\/projects\/commerce-de-velos\/veloland-urban-construction-dun-nouveau-centre-de-deux-roues-a-backnang\" target=\"_self\">\n\t\t\t\t\t\t\t<h3 class=\"card-entry__headline  \">\n\t\t\t\t\tVeloland Urban : construction d'un nouveau centre de deux-roues \u00e0 Backnang\n\t\t\t\t<\/h3>\n\t\t\t\n\t\t\t\n\t\t<\/a>\n\t<\/div>\n<\/div>\n\t\t\t\t\t\t\t<\/div>\n\t\t<\/div>\n\n\t\t\t\t\t<div class=\"card-entry__action\">\n\t<div class=\"card-entry__action-inner\">\n\t\t<div class=\"card-entry__button-wrap avia-button-wrap avia-button-right theme-fill\">\n\t\t\t\t\t\t\t<a class=\"card-entry__button avia-button avia-button color-ci-black hover-yellow avia-size-small  avia-position-right\" href=\"https:\/\/sha.de\/fr\/projects\/commerce-de-velos\/veloland-urban-construction-dun-nouveau-centre-de-deux-roues-a-backnang\" target=\"\">\n\t\t\t\t\t<span class=\"button-icon\"><i class=\"icon-arrow_next\"><\/i><\/span><span class=\"button-text\">lire la suite<\/span>\n\t\t\t\t<\/a>\n\t\t\t\t\t<\/div>\n\t<\/div>\n<\/div>\n\t\t\n\t\t\t\t\t<a href=\"https:\/\/sha.de\/fr\/projects\/commerce-de-velos\/veloland-urban-construction-dun-nouveau-centre-de-deux-roues-a-backnang\" class=\"slide-image\" title=\"\"><img decoding=\"async\" src=\"https:\/\/sha.de\/wp-content\/uploads\/Veloland_38016-706x564.jpg\" \/><\/a>\n\t\t\t<\/div>\n<\/div>\n\n\t\n\t<\/div>\n<\/article>\n\t\t\t\t\t\t<\/div>\n\t\t\t\t\t\t\t\t\t\t\t\t\t\t\t\t\t\t\t\t<div class=\"flex_column av_one_third referenz-column  \">\n\t\t\t\t\t\t\t<article id=\"\" class=\"card-entry referenz-entry static-button   text-align-left has-link   heading-link  has-button \">\n\t<div class=\"card-entry__inner\">\n\t\t\n\t\n\t\t<div class=\"card-entry__media media-type-\">\n\t<div class=\"card-entry__media-inner\">\n\n\t\t<div class=\"card_entry__referenz\">\n\t\t\t<div class=\"card_entry__referenz-inner\">\n\t\t\t\t\t\t\t\t\t<div class=\"card-entry__heading\">\n\t<div class=\"card-entry__heading-inner\">\n\n\n\t\t\t\n\t\t\t\n\t\t\t<a class=\"card-entry__link\" href=\"https:\/\/sha.de\/fr\/projects\/commerce-de-velos\/nouvelle-construction-bike-center-dressel-a-kronach\" target=\"_self\">\n\t\t\t\t\t\t\t<h3 class=\"card-entry__headline  \">\n\t\t\t\t\tNouvelle construction : Bike Center Dressel \u00e0 Kronach\n\t\t\t\t<\/h3>\n\t\t\t\n\t\t\t\n\t\t<\/a>\n\t<\/div>\n<\/div>\n\t\t\t\t\t\t\t<\/div>\n\t\t<\/div>\n\n\t\t\t\t\t<div class=\"card-entry__action\">\n\t<div class=\"card-entry__action-inner\">\n\t\t<div class=\"card-entry__button-wrap avia-button-wrap avia-button-right theme-fill\">\n\t\t\t\t\t\t\t<a class=\"card-entry__button avia-button avia-button color-ci-black hover-yellow avia-size-small  avia-position-right\" href=\"https:\/\/sha.de\/fr\/projects\/commerce-de-velos\/nouvelle-construction-bike-center-dressel-a-kronach\" target=\"\">\n\t\t\t\t\t<span class=\"button-icon\"><i class=\"icon-arrow_next\"><\/i><\/span><span class=\"button-text\">lire la suite<\/span>\n\t\t\t\t<\/a>\n\t\t\t\t\t<\/div>\n\t<\/div>\n<\/div>\n\t\t\n\t\t\t\t\t<a href=\"https:\/\/sha.de\/fr\/projects\/commerce-de-velos\/nouvelle-construction-bike-center-dressel-a-kronach\" class=\"slide-image\" title=\"\"><img decoding=\"async\" src=\"https:\/\/sha.de\/wp-content\/uploads\/Kronach-CE-2-706x564.jpg\" \/><\/a>\n\t\t\t<\/div>\n<\/div>\n\n\t\n\t<\/div>\n<\/article>\n\t\t\t\t\t\t<\/div>\n\t\t\t\t\t\t\t\t\t\t\t\t\t\t\t\t\t\t\t\t<div class=\"flex_column av_one_third referenz-column first column-top-margin\">\n\t\t\t\t\t\t\t<article id=\"\" class=\"card-entry referenz-entry static-button   text-align-left has-link   heading-link  has-button \">\n\t<div class=\"card-entry__inner\">\n\t\t\n\t\n\t\t<div class=\"card-entry__media media-type-\">\n\t<div class=\"card-entry__media-inner\">\n\n\t\t<div class=\"card_entry__referenz\">\n\t\t\t<div class=\"card_entry__referenz-inner\">\n\t\t\t\t\t\t\t\t\t<div class=\"card-entry__heading\">\n\t<div class=\"card-entry__heading-inner\">\n\n\n\t\t\t\n\t\t\t\n\t\t\t<a class=\"card-entry__link\" href=\"https:\/\/sha.de\/fr\/projects\/commerce-de-velos\/radwelt-coesfeld-nouvelle-construction-et-extension\" target=\"_self\">\n\t\t\t\t\t\t\t<h3 class=\"card-entry__headline  \">\n\t\t\t\t\tRadwelt Coesfeld : nouvelle construction et extension\n\t\t\t\t<\/h3>\n\t\t\t\n\t\t\t\n\t\t<\/a>\n\t<\/div>\n<\/div>\n\t\t\t\t\t\t\t<\/div>\n\t\t<\/div>\n\n\t\t\t\t\t<div class=\"card-entry__action\">\n\t<div class=\"card-entry__action-inner\">\n\t\t<div class=\"card-entry__button-wrap avia-button-wrap avia-button-right theme-fill\">\n\t\t\t\t\t\t\t<a class=\"card-entry__button avia-button avia-button color-ci-black hover-yellow avia-size-small  avia-position-right\" href=\"https:\/\/sha.de\/fr\/projects\/commerce-de-velos\/radwelt-coesfeld-nouvelle-construction-et-extension\" target=\"\">\n\t\t\t\t\t<span class=\"button-icon\"><i class=\"icon-arrow_next\"><\/i><\/span><span class=\"button-text\">lire la suite<\/span>\n\t\t\t\t<\/a>\n\t\t\t\t\t<\/div>\n\t<\/div>\n<\/div>\n\t\t\n\t\t\t\t\t<a href=\"https:\/\/sha.de\/fr\/projects\/commerce-de-velos\/radwelt-coesfeld-nouvelle-construction-et-extension\" class=\"slide-image\" title=\"\"><img decoding=\"async\" src=\"https:\/\/sha.de\/wp-content\/uploads\/Radwelt-Coesfeld-Header-2016-CE-706x564.jpg\" \/><\/a>\n\t\t\t<\/div>\n<\/div>\n\n\t\n\t<\/div>\n<\/article>\n\t\t\t\t\t\t<\/div>\n\t\t\t\t\t\t\t\t\t\t\t\t\t\t\t\t\t\t\t\t<div class=\"flex_column av_one_third referenz-column  column-top-margin\">\n\t\t\t\t\t\t\t<article id=\"\" class=\"card-entry referenz-entry static-button   text-align-left has-link   heading-link  has-button \">\n\t<div class=\"card-entry__inner\">\n\t\t\n\t\n\t\t<div class=\"card-entry__media media-type-\">\n\t<div class=\"card-entry__media-inner\">\n\n\t\t<div class=\"card_entry__referenz\">\n\t\t\t<div class=\"card_entry__referenz-inner\">\n\t\t\t\t\t\t\t\t\t<div class=\"card-entry__heading\">\n\t<div class=\"card-entry__heading-inner\">\n\n\n\t\t\t\n\t\t\t\n\t\t\t<a class=\"card-entry__link\" href=\"https:\/\/sha.de\/fr\/projects\/commerce-de-velos\/extension-de-latelier-de-couture-et-de-cyclisme-hild-a-fribourg\" target=\"_self\">\n\t\t\t\t\t\t\t<h3 class=\"card-entry__headline  \">\n\t\t\t\t\tExtension de l'atelier de couture et de cyclisme Hild \u00e0 Fribourg\n\t\t\t\t<\/h3>\n\t\t\t\n\t\t\t\n\t\t<\/a>\n\t<\/div>\n<\/div>\n\t\t\t\t\t\t\t<\/div>\n\t\t<\/div>\n\n\t\t\t\t\t<div class=\"card-entry__action\">\n\t<div class=\"card-entry__action-inner\">\n\t\t<div class=\"card-entry__button-wrap avia-button-wrap avia-button-right theme-fill\">\n\t\t\t\t\t\t\t<a class=\"card-entry__button avia-button avia-button color-ci-black hover-yellow avia-size-small  avia-position-right\" href=\"https:\/\/sha.de\/fr\/projects\/commerce-de-velos\/extension-de-latelier-de-couture-et-de-cyclisme-hild-a-fribourg\" target=\"\">\n\t\t\t\t\t<span class=\"button-icon\"><i class=\"icon-arrow_next\"><\/i><\/span><span class=\"button-text\">lire la suite<\/span>\n\t\t\t\t<\/a>\n\t\t\t\t\t<\/div>\n\t<\/div>\n<\/div>\n\t\t\n\t\t\t\t\t<a href=\"https:\/\/sha.de\/fr\/projects\/commerce-de-velos\/extension-de-latelier-de-couture-et-de-cyclisme-hild-a-fribourg\" class=\"slide-image\" title=\"\"><img decoding=\"async\" src=\"https:\/\/sha.de\/wp-content\/uploads\/Hild-N\u00e4h-und-Radwelt-Freiburg-1-706x564.jpg\" \/><\/a>\n\t\t\t<\/div>\n<\/div>\n\n\t\n\t<\/div>\n<\/article>\n\t\t\t\t\t\t<\/div>\n\t\t\t\t\t\t\t\t\t\t\t\t\t\t\t\t\t\t\t\t<div class=\"flex_column av_one_third referenz-column  column-top-margin\">\n\t\t\t\t\t\t\t<article id=\"\" class=\"card-entry referenz-entry static-button   text-align-left has-link   heading-link  has-button \">\n\t<div class=\"card-entry__inner\">\n\t\t\n\t\n\t\t<div class=\"card-entry__media media-type-\">\n\t<div class=\"card-entry__media-inner\">\n\n\t\t<div class=\"card_entry__referenz\">\n\t\t\t<div class=\"card_entry__referenz-inner\">\n\t\t\t\t\t\t\t\t\t<div class=\"card-entry__heading\">\n\t<div class=\"card-entry__heading-inner\">\n\n\n\t\t\t\n\t\t\t\n\t\t\t<a class=\"card-entry__link\" href=\"https:\/\/sha.de\/fr\/projects\/commerce-de-velos\/le-centre-trautwein-zweirad-nouveau-batiment-a-tubingen\" target=\"_self\">\n\t\t\t\t\t\t\t<h3 class=\"card-entry__headline  \">\n\t\t\t\t\tLe centre Trautwein Zweirad : Nouveau b\u00e2timent \u00e0 T\u00fcbingen\n\t\t\t\t<\/h3>\n\t\t\t\n\t\t\t\n\t\t<\/a>\n\t<\/div>\n<\/div>\n\t\t\t\t\t\t\t<\/div>\n\t\t<\/div>\n\n\t\t\t\t\t<div class=\"card-entry__action\">\n\t<div class=\"card-entry__action-inner\">\n\t\t<div class=\"card-entry__button-wrap avia-button-wrap avia-button-right theme-fill\">\n\t\t\t\t\t\t\t<a class=\"card-entry__button avia-button avia-button color-ci-black hover-yellow avia-size-small  avia-position-right\" href=\"https:\/\/sha.de\/fr\/projects\/commerce-de-velos\/le-centre-trautwein-zweirad-nouveau-batiment-a-tubingen\" target=\"\">\n\t\t\t\t\t<span class=\"button-icon\"><i class=\"icon-arrow_next\"><\/i><\/span><span class=\"button-text\">lire la suite<\/span>\n\t\t\t\t<\/a>\n\t\t\t\t\t<\/div>\n\t<\/div>\n<\/div>\n\t\t\n\t\t\t\t\t<a href=\"https:\/\/sha.de\/fr\/projects\/commerce-de-velos\/le-centre-trautwein-zweirad-nouveau-batiment-a-tubingen\" class=\"slide-image\" title=\"\"><img decoding=\"async\" src=\"https:\/\/sha.de\/wp-content\/uploads\/Trautwein-Zweirad-Center-T\u00fcbingen-CE-2-706x564.jpg\" \/><\/a>\n\t\t\t<\/div>\n<\/div>\n\n\t\n\t<\/div>\n<\/article>\n\t\t\t\t\t\t<\/div>\n\t\t\t\t\t\t\t\t\t\t\t\t\t\t\t\t\t\t\t\t<div class=\"flex_column av_one_third referenz-column first column-top-margin\">\n\t\t\t\t\t\t\t<article id=\"\" class=\"card-entry referenz-entry static-button   text-align-left has-link   heading-link  has-button \">\n\t<div class=\"card-entry__inner\">\n\t\t\n\t\n\t\t<div class=\"card-entry__media media-type-\">\n\t<div class=\"card-entry__media-inner\">\n\n\t\t<div class=\"card_entry__referenz\">\n\t\t\t<div class=\"card_entry__referenz-inner\">\n\t\t\t\t\t\t\t\t\t<div class=\"card-entry__heading\">\n\t<div class=\"card-entry__heading-inner\">\n\n\n\t\t\t\n\t\t\t\n\t\t\t<a class=\"card-entry__link\" href=\"https:\/\/sha.de\/fr\/projects\/commerce-de-velos\/flizz-eurobike-aachen\" target=\"_self\">\n\t\t\t\t\t\t\t<h3 class=\"card-entry__headline  \">\n\t\t\t\t\tFlizz Eurobike Aachen\n\t\t\t\t<\/h3>\n\t\t\t\n\t\t\t\n\t\t<\/a>\n\t<\/div>\n<\/div>\n\t\t\t\t\t\t\t<\/div>\n\t\t<\/div>\n\n\t\t\t\t\t<div class=\"card-entry__action\">\n\t<div class=\"card-entry__action-inner\">\n\t\t<div class=\"card-entry__button-wrap avia-button-wrap avia-button-right theme-fill\">\n\t\t\t\t\t\t\t<a class=\"card-entry__button avia-button avia-button color-ci-black hover-yellow avia-size-small  avia-position-right\" href=\"https:\/\/sha.de\/fr\/projects\/commerce-de-velos\/flizz-eurobike-aachen\" target=\"\">\n\t\t\t\t\t<span class=\"button-icon\"><i class=\"icon-arrow_next\"><\/i><\/span><span class=\"button-text\">lire la suite<\/span>\n\t\t\t\t<\/a>\n\t\t\t\t\t<\/div>\n\t<\/div>\n<\/div>\n\t\t\n\t\t\t\t\t<a href=\"https:\/\/sha.de\/fr\/projects\/commerce-de-velos\/flizz-eurobike-aachen\" class=\"slide-image\" title=\"\"><img decoding=\"async\" src=\"https:\/\/sha.de\/wp-content\/uploads\/FLIZZ-Eurobike-Aachen-2005-4-706x564.jpg\" \/><\/a>\n\t\t\t<\/div>\n<\/div>\n\n\t\n\t<\/div>\n<\/article>\n\t\t\t\t\t\t<\/div>\n\t\t\t\t\t\t\t\t\t\t\t\t\t\t\t\t\t\t\t\t<div class=\"flex_column av_one_third bg-alternate referenz-column  column-top-margin\"><\/div>\n\t\t\t\t\t\t\t\t\t\t\t\t\t\t\t\t\t\t\t\t<div class=\"flex_column av_one_third bg-alternate referenz-column  column-top-margin\"><\/div>\n\t\t\t\t\t\t\t\t\t\t\t\t<\/div>\n\t\t\t\t\t<\/div>\n\t<\/div>\n\n\n","protected":false},"excerpt":{"rendered":"","protected":false},"author":1,"featured_media":0,"parent":0,"menu_order":6,"comment_status":"closed","ping_status":"closed","template":"","meta":{"_acf_changed":false,"content-type":"","footnotes":""},"class_list":["post-30385","page","type-page","status-publish","hentry"],"acf":[],"yoast_head":"<!-- This site is optimized with the Yoast SEO plugin v27.4 - https:\/\/yoast.com\/product\/yoast-seo-wordpress\/ -->\n<title>Architecture pour le commerce de bicyclettes et de deux-roues | SHA Architekturb\u00fcro f\u00fcr den Fahrradhandel | SHA Scheffler Helbich Architekten<\/title>\n<meta name=\"description\" content=\"Nous sommes vos architectes pour la construction, la transformation et l&#039;extension du commerce de v\u00e9los. Conseil \u2713 Conception \u2713 Planification \u2713 R\u00e9alisation \u2713 Suivi\" \/>\n<meta name=\"robots\" content=\"noindex, follow\" \/>\n<meta property=\"og:locale\" content=\"fr_FR\" \/>\n<meta property=\"og:type\" content=\"article\" \/>\n<meta property=\"og:title\" content=\"Architecture pour le commerce de bicyclettes et de deux-roues | SHA Architekturb\u00fcro f\u00fcr den Fahrradhandel | SHA Scheffler Helbich Architekten\" \/>\n<meta property=\"og:description\" content=\"Nous sommes vos architectes pour la construction, la transformation et l&#039;extension du commerce de v\u00e9los. Conseil \u2713 Conception \u2713 Planification \u2713 R\u00e9alisation \u2713 Suivi\" \/>\n<meta property=\"og:url\" content=\"https:\/\/sha.de\/fr\/bureau-darchitecture-commerce-de-velos\" \/>\n<meta property=\"og:site_name\" content=\"SHA Scheffler Helbich Architekten GmbH\" \/>\n<meta property=\"article:modified_time\" content=\"2024-08-28T12:59:58+00:00\" \/>\n<meta name=\"twitter:card\" content=\"summary_large_image\" \/>\n<meta name=\"twitter:label1\" content=\"Dur\u00e9e de lecture estim\u00e9e\" \/>\n\t<meta name=\"twitter:data1\" content=\"8 minutes\" \/>\n<script type=\"application\/ld+json\" class=\"yoast-schema-graph\">{\"@context\":\"https:\\\/\\\/schema.org\",\"@graph\":[{\"@type\":\"WebPage\",\"@id\":\"https:\\\/\\\/sha.de\\\/fr\\\/bureau-darchitecture-commerce-de-velos\",\"url\":\"https:\\\/\\\/sha.de\\\/fr\\\/bureau-darchitecture-commerce-de-velos\",\"name\":\"Architecture pour le commerce de bicyclettes et de deux-roues | SHA Architekturb\u00fcro f\u00fcr den Fahrradhandel | SHA Scheffler Helbich Architekten\",\"isPartOf\":{\"@id\":\"https:\\\/\\\/sha.de\\\/fr#website\"},\"datePublished\":\"2023-10-12T12:26:54+00:00\",\"dateModified\":\"2024-08-28T12:59:58+00:00\",\"description\":\"Nous sommes vos architectes pour la construction, la transformation et l'extension du commerce de v\u00e9los. Conseil \u2713 Conception \u2713 Planification \u2713 R\u00e9alisation \u2713 Suivi\",\"breadcrumb\":{\"@id\":\"https:\\\/\\\/sha.de\\\/fr\\\/bureau-darchitecture-commerce-de-velos#breadcrumb\"},\"inLanguage\":\"fr-FR\",\"potentialAction\":[{\"@type\":\"ReadAction\",\"target\":[\"https:\\\/\\\/sha.de\\\/fr\\\/bureau-darchitecture-commerce-de-velos\"]}]},{\"@type\":\"BreadcrumbList\",\"@id\":\"https:\\\/\\\/sha.de\\\/fr\\\/bureau-darchitecture-commerce-de-velos#breadcrumb\",\"itemListElement\":[{\"@type\":\"ListItem\",\"position\":1,\"name\":\"Startseite\",\"item\":\"https:\\\/\\\/sha.de\\\/fr\"},{\"@type\":\"ListItem\",\"position\":2,\"name\":\"Bureau d&rsquo;architecture commerce de v\u00e9los\"}]},{\"@type\":\"WebSite\",\"@id\":\"https:\\\/\\\/sha.de\\\/fr#website\",\"url\":\"https:\\\/\\\/sha.de\\\/fr\",\"name\":\"SHA Scheffler Helbich Architekten GmbH\",\"description\":\"\",\"potentialAction\":[{\"@type\":\"SearchAction\",\"target\":{\"@type\":\"EntryPoint\",\"urlTemplate\":\"https:\\\/\\\/sha.de\\\/fr?s={search_term_string}\"},\"query-input\":{\"@type\":\"PropertyValueSpecification\",\"valueRequired\":true,\"valueName\":\"search_term_string\"}}],\"inLanguage\":\"fr-FR\"}]}<\/script>\n<!-- \/ Yoast SEO plugin. -->","yoast_head_json":{"title":"Architecture pour le commerce de bicyclettes et de deux-roues | SHA Architekturb\u00fcro f\u00fcr den Fahrradhandel | SHA Scheffler Helbich Architekten","description":"Nous sommes vos architectes pour la construction, la transformation et l'extension du commerce de v\u00e9los. Conseil \u2713 Conception \u2713 Planification \u2713 R\u00e9alisation \u2713 Suivi","robots":{"index":"noindex","follow":"follow"},"og_locale":"fr_FR","og_type":"article","og_title":"Architecture pour le commerce de bicyclettes et de deux-roues | SHA Architekturb\u00fcro f\u00fcr den Fahrradhandel | SHA Scheffler Helbich Architekten","og_description":"Nous sommes vos architectes pour la construction, la transformation et l'extension du commerce de v\u00e9los. Conseil \u2713 Conception \u2713 Planification \u2713 R\u00e9alisation \u2713 Suivi","og_url":"https:\/\/sha.de\/fr\/bureau-darchitecture-commerce-de-velos","og_site_name":"SHA Scheffler Helbich Architekten GmbH","article_modified_time":"2024-08-28T12:59:58+00:00","twitter_card":"summary_large_image","twitter_misc":{"Dur\u00e9e de lecture estim\u00e9e":"8 minutes"},"schema":{"@context":"https:\/\/schema.org","@graph":[{"@type":"WebPage","@id":"https:\/\/sha.de\/fr\/bureau-darchitecture-commerce-de-velos","url":"https:\/\/sha.de\/fr\/bureau-darchitecture-commerce-de-velos","name":"Architecture pour le commerce de bicyclettes et de deux-roues | SHA Architekturb\u00fcro f\u00fcr den Fahrradhandel | SHA Scheffler Helbich Architekten","isPartOf":{"@id":"https:\/\/sha.de\/fr#website"},"datePublished":"2023-10-12T12:26:54+00:00","dateModified":"2024-08-28T12:59:58+00:00","description":"Nous sommes vos architectes pour la construction, la transformation et l'extension du commerce de v\u00e9los. Conseil \u2713 Conception \u2713 Planification \u2713 R\u00e9alisation \u2713 Suivi","breadcrumb":{"@id":"https:\/\/sha.de\/fr\/bureau-darchitecture-commerce-de-velos#breadcrumb"},"inLanguage":"fr-FR","potentialAction":[{"@type":"ReadAction","target":["https:\/\/sha.de\/fr\/bureau-darchitecture-commerce-de-velos"]}]},{"@type":"BreadcrumbList","@id":"https:\/\/sha.de\/fr\/bureau-darchitecture-commerce-de-velos#breadcrumb","itemListElement":[{"@type":"ListItem","position":1,"name":"Startseite","item":"https:\/\/sha.de\/fr"},{"@type":"ListItem","position":2,"name":"Bureau d&rsquo;architecture commerce de v\u00e9los"}]},{"@type":"WebSite","@id":"https:\/\/sha.de\/fr#website","url":"https:\/\/sha.de\/fr","name":"SHA Scheffler Helbich Architekten GmbH","description":"","potentialAction":[{"@type":"SearchAction","target":{"@type":"EntryPoint","urlTemplate":"https:\/\/sha.de\/fr?s={search_term_string}"},"query-input":{"@type":"PropertyValueSpecification","valueRequired":true,"valueName":"search_term_string"}}],"inLanguage":"fr-FR"}]}},"_links":{"self":[{"href":"https:\/\/sha.de\/fr\/wp-json\/wp\/v2\/pages\/30385","targetHints":{"allow":["GET"]}}],"collection":[{"href":"https:\/\/sha.de\/fr\/wp-json\/wp\/v2\/pages"}],"about":[{"href":"https:\/\/sha.de\/fr\/wp-json\/wp\/v2\/types\/page"}],"author":[{"embeddable":true,"href":"https:\/\/sha.de\/fr\/wp-json\/wp\/v2\/users\/1"}],"replies":[{"embeddable":true,"href":"https:\/\/sha.de\/fr\/wp-json\/wp\/v2\/comments?post=30385"}],"version-history":[{"count":12,"href":"https:\/\/sha.de\/fr\/wp-json\/wp\/v2\/pages\/30385\/revisions"}],"predecessor-version":[{"id":37815,"href":"https:\/\/sha.de\/fr\/wp-json\/wp\/v2\/pages\/30385\/revisions\/37815"}],"wp:attachment":[{"href":"https:\/\/sha.de\/fr\/wp-json\/wp\/v2\/media?parent=30385"}],"curies":[{"name":"wp","href":"https:\/\/api.w.org\/{rel}","templated":true}]}}