{"id":38333,"date":"2019-11-19T12:10:03","date_gmt":"2019-11-19T11:10:03","guid":{"rendered":"https:\/\/sha.de\/notre-bureau\/recompenses"},"modified":"2024-08-29T13:32:09","modified_gmt":"2024-08-29T11:32:09","slug":"recompenses","status":"publish","type":"page","link":"https:\/\/sha.de\/fr\/notre-bureau\/recompenses","title":{"rendered":"R\u00e9compenses"},"content":{"rendered":"<div id='av_section_1' class='avia-section main_color pt-default pb-large avia-no-border-styling avia-bg-style-scroll  avia-builder-el-0  el_before_av_section  avia-builder-el-first   container_wrap fullsize' style=' '  ><div class='container' ><main  role=\"main\" itemprop=\"mainContentOfPage\"  class='template-page content  av-content-full alpha units'><div class='post-entry post-entry-type-page post-entry-38333'><div class='entry-content-wrapper clearfix'>\n<div class=\"flex_column av_one_full  flex_column_div av-zero-column-padding first       avia-builder-el-1  avia-builder-el-no-sibling  \"><p>\n\t\t\t<div id=\"av-k35rc5fq\" class=\"headline-column flex_column av_one_full flex_column_div first \">\n\t\t\t\t<div class=\"headline-wrap is-outside align-center sub-bottom\">\n\t\t\t\t\t<h1 class=\"headline-content headline-primary\">R\u00e9compenses  <\/h1>\n\t\t\t\t\t<h3 class=\"headline-content headline-secondary\">Appr\u00e9ciation de notre travail<\/h3>\n\t\t\t\t<\/div>\n\t\t\t<\/div><br \/>\n<section  class='av_textblock_section av-k35rco19-37913d5f5a385e5ff345d216d320dccf '   itemscope=\"itemscope\" itemtype=\"https:\/\/schema.org\/CreativeWork\" ><div class='avia_textblock'  itemprop=\"text\" ><p style=\"text-align: center; max-width: 1000px; margin: 0 auto;\">Il existe un grand nombre de prix et de distinctions architecturales d\u00e9cern\u00e9s \u00e0 des architectes ou des bureaux d&rsquo;architectes.<br \/>\nSHA a \u00e9galement \u00e9t\u00e9 nomin\u00e9e et r\u00e9compens\u00e9e \u00e0 plusieurs reprises dans le pass\u00e9. <\/p>\n<\/div><\/section><\/p><\/div>\n\n<\/div><\/div><\/main><!-- close content main element --><\/div><\/div><div id='av_section_2' class='avia-section main_color pt-default pb-default avia-no-border-styling avia-bg-style-scroll  avia-builder-el-4  el_after_av_section  el_before_av_section   container_wrap fullsize' style=' '  ><div class='container' ><div class='template-page content  av-content-full alpha units'><div class='post-entry post-entry-type-page post-entry-38333'><div class='entry-content-wrapper clearfix'>\n<div class=\"flex_column av_one_third  flex_column_div av-zero-column-padding first       avia-builder-el-5  el_before_av_one_third  avia-builder-el-first  \"><div  class='avia-image-container  av-styling-    avia-builder-el-6  avia-builder-el-no-sibling  video avia-align-center'  itemprop=\"image\" itemscope=\"itemscope\" itemtype=\"https:\/\/schema.org\/ImageObject\"  ><div class='avia-image-container-inner'><div class='avia-image-overlay-wrap'><a href='https:\/\/www.youtube.com\/watch?v=rLvljSF5hHk' class='avia_image'  ><img class='avia_image ' src='https:\/\/sha.de\/wp-content\/uploads\/auszeichnung_phoenixwerk_2020.jpg' alt='' title='Auszeichnung Phoenixwerk 2020'  itemprop=\"thumbnailUrl\"  \/><\/a><\/div><\/div><\/div><\/div><div class=\"flex_column av_one_third  flex_column_div av-zero-column-padding        avia-builder-el-7  el_after_av_one_third  el_before_av_one_third  \"><section  class='av_textblock_section av-k35rkyu0-dc492dd514eaac47601742c3445c6104 '   itemscope=\"itemscope\" itemtype=\"https:\/\/schema.org\/CreativeWork\" ><div class='avia_textblock'  itemprop=\"text\" ><h2>Prix d&rsquo;architecture Dortmund Hamm Unna 2020<\/h2>\n<p>L&rsquo;<a href=\"https:\/\/sha.de\/fr\/projects\/bureau-administration\/un-espace-de-travail-innovant-sur-phoenix-west-a-dortmund-horde\">ensemble de bureaux PhoenixWERK<\/a>, con\u00e7u, r\u00e9alis\u00e9 et, depuis le printemps 2020, le nouveau site de l&rsquo;entreprise SHA Scheffler Helbich Architekten GmbH, a re\u00e7u, avec deux autres projets, la distinction convoit\u00e9e <a href=\"https:\/\/www.bda-nrw.de\/2020\/11\/der-architekturpreis-dortmund-hamm-unna-2020-ist-entschieden\/\" target=\"_blank\" rel=\"noopener nofollow\">\u00ab\u00a0Architekturpreis Dortmund Hamm Unna 2020\u00a0\u00bb<\/a>. Au total, 27 projets de la r\u00e9gion ont \u00e9t\u00e9 soumis \u00e0 la critique du jury.<\/p>\n<p>\u00ab\u00a0Nous sommes tr\u00e8s fiers\u00a0\u00bb, d\u00e9clare Christoph Helbich, associ\u00e9 g\u00e9rant de SHA. \u00ab\u00a0C&rsquo;est vraiment une belle reconnaissance de notre travail\u00a0\u00bb, ajoute l&rsquo;associ\u00e9e Birgit Helbich. Le couple, en collaboration avec Immira Grundst\u00fcckverwaltung, est le ma\u00eetre d&rsquo;ouvrage des deux premiers b\u00e2timents.<\/p>\n<\/div><\/section><\/div><div class=\"flex_column av_one_third  flex_column_div av-zero-column-padding        avia-builder-el-9  el_after_av_one_third  avia-builder-el-last  \"><p><section  class='av_textblock_section av-k35rkyu0-25-e52a57d7f98d5446f95ce8abd25c9b80 '   itemscope=\"itemscope\" itemtype=\"https:\/\/schema.org\/CreativeWork\" ><div class='avia_textblock'  itemprop=\"text\" ><p>\u00c0 long terme, trois autres parties de b\u00e2timents seront construites sur le site. Cela permettra de compl\u00e9ter le quartier en fonction des besoins.<\/p>\n<p>En ce qui concerne l&rsquo;\u00e9valuation du PhoenixWERK par le jury, il a \u00e9t\u00e9 dit que<\/p>\n<p><em>\u00ab\u00a0Les bords existants de l&rsquo;espace sont compl\u00e9t\u00e9s de mani\u00e8re marquante sur le plan urbanistique. L&rsquo;espace ainsi cr\u00e9\u00e9 r\u00e9pond \u00e0 la nouvelle utilisation et laisse appara\u00eetre l&rsquo;histoire de l&rsquo;espace. Le langage formel de l&rsquo;architecture industrielle est \u00e9galement repris dans la mat\u00e9rialit\u00e9 et la fa\u00e7ade. Ces qualit\u00e9s se prolongent dans les plans et les d\u00e9tails de l&rsquo;espace int\u00e9rieur\u00a0\u00bb.<\/em><\/p>\n<\/div><\/section><br \/>\n\n<style type=\"text\/css\" data-created_by=\"avia_inline_auto\" id=\"style-css-av-kk5d1izk-c6f28bb6a0267652848472c9e85dc5fe\">\n#top .hr.hr-invisible.av-kk5d1izk-c6f28bb6a0267652848472c9e85dc5fe{\nheight:40px;\n}\n<\/style>\n<div  class='hr av-kk5d1izk-c6f28bb6a0267652848472c9e85dc5fe hr-invisible  avia-builder-el-11  el_after_av_textblock  el_before_av_button '><span class='hr-inner '><span class=\"hr-inner-style\"><\/span><\/span><\/div><br \/>\n<div class='avia-button-wrap theme-fill avia-button-right  avia-builder-el-12  el_after_av_hr  avia-builder-el-last  inline'><a href='https:\/\/sha.de\/fr\/news\/prix-darchitecture-pour-le-phoenixwerk'  class='avia-button  color-ci-black hover-yellow  avia-icon_select-no avia-size-small avia-position-right'   ><span class='avia_iconbox_title' >En savoir plus<\/span><\/a><\/div><\/p><\/div><\/div><\/div><\/div><!-- close content main div --><\/div><\/div><div id='av_section_3' class='avia-section main_color pt-default pb-default avia-no-border-styling avia-bg-style-scroll  avia-builder-el-13  el_after_av_section  el_before_av_section  auszeichnung  container_wrap fullsize' style=' '  ><div class='container' ><div class='template-page content  av-content-full alpha units'><div class='post-entry post-entry-type-page post-entry-38333'><div class='entry-content-wrapper clearfix'>\n<div class=\"flex_column av_one_half  flex_column_div av-zero-column-padding first       avia-builder-el-14  el_before_av_one_half  avia-builder-el-first  \"><section  class='av_textblock_section av-k35rkyu0-23-e2a9711cd2c7013d9ed721f3cda96ada '   itemscope=\"itemscope\" itemtype=\"https:\/\/schema.org\/CreativeWork\" ><div class='avia_textblock'  itemprop=\"text\" ><h2>3\u00e8me place au Imagefilm-Award 2016<\/h2>\n<p>Aujourd&rsquo;hui, les grandes entreprises comme les petites, de tous les secteurs et de tous les domaines, ont un film d&rsquo;entreprise &#8211; m\u00eame SHA. \u00ab\u00a0Vos architectes dans le commerce des mat\u00e9riaux de construction\u00a0\u00bb, le nom du film d&rsquo;entreprise est tout un programme. Il montre l&rsquo;expertise et la longue exp\u00e9rience de SHA dans le commerce des mat\u00e9riaux de construction. Les ma\u00eetres d&rsquo;ouvrage racontent de leur point de vue la planification et la r\u00e9alisation de leurs projets. On comprend ainsi l&rsquo;importance que SHA accorde au contact personnel avec le client et \u00e0 sa satisfaction. Le 3e REVIER MANAGER IMAGEFILM-AWARD a donn\u00e9 aux entreprises bas\u00e9es dans la Ruhr la possibilit\u00e9 de soumettre leurs clips et de les faire \u00e9valuer par un jury d&rsquo;experts professionnels. De plus, les lecteurs du REVIER MANAGER ont vot\u00e9 pour leur favori. Notre film s&rsquo;est hiss\u00e9 \u00e0 la troisi\u00e8me place. Il est bon de savoir : La r\u00e9alisation technique et le concept de soutien ont \u00e9galement \u00e9t\u00e9 pris en charge par un bureau de la r\u00e9gion de la Ruhr, Filmproduktion \u00fcberRot de Dortmund.<\/p>\n<\/div><\/section><\/div><div class=\"flex_column av_one_half  flex_column_div av-zero-column-padding        avia-builder-el-16  el_after_av_one_half  avia-builder-el-last  \"><div  class='avia-image-container  av-styling-    avia-builder-el-17  avia-builder-el-no-sibling  video avia-align-center'  itemprop=\"image\" itemscope=\"itemscope\" itemtype=\"https:\/\/schema.org\/ImageObject\"  ><div class='avia-image-container-inner'><div class='avia-image-overlay-wrap'><a href='https:\/\/www.youtube.com\/watch?v=RF8obWWImuc' class='avia_image'  ><img class='avia_image ' src='https:\/\/sha.de\/wp-content\/uploads\/sha_imagefilm_award.jpg' alt='' title='Planung und Realisierung im Handel und Gewerbe | SHA Scheffler Helbich Architekten'  itemprop=\"thumbnailUrl\"  \/><\/a><\/div><\/div><\/div><\/div>\n<\/p>\n<\/div><\/div><\/div><!-- close content main div --><\/div><\/div><div id='av_section_4' class='avia-section main_color pt-default pb-default avia-no-border-styling avia-bg-style-scroll  avia-builder-el-18  el_after_av_section  el_before_av_section  auszeichnung  container_wrap fullsize' style=' '  ><div class='container' ><div class='template-page content  av-content-full alpha units'><div class='post-entry post-entry-type-page post-entry-38333'><div class='entry-content-wrapper clearfix'>\n<div class=\"flex_column av_one_third  flex_column_div av-zero-column-padding first       avia-builder-el-19  el_before_av_one_third  avia-builder-el-first  \"><div  class='avia-image-container  av-styling-    avia-builder-el-20  avia-builder-el-no-sibling  avia-align-center'  itemprop=\"image\" itemscope=\"itemscope\" itemtype=\"https:\/\/schema.org\/ImageObject\"  ><div class='avia-image-container-inner'><div class='avia-image-overlay-wrap'><img class='avia_image' src='https:\/\/sha.de\/wp-content\/uploads\/Haus-am-See-CE-8-706x564.jpg' alt='' title='Haus Helbich, SHA Scheffler Helbich Architekten Dortmund' height=\"564\" width=\"706\"  itemprop=\"thumbnailUrl\"  \/><\/div><\/div><\/div><\/div><div class=\"flex_column av_one_third  flex_column_div av-zero-column-padding        avia-builder-el-21  el_after_av_one_third  el_before_av_one_third  \"><section  class='av_textblock_section av-k35rkyu0-20-40d692414bd5a8afa01c86d38599fbba '   itemscope=\"itemscope\" itemtype=\"https:\/\/schema.org\/CreativeWork\" ><div class='avia_textblock'  itemprop=\"text\" ><h2>Prix BDA 2010 : Maison au bord du lac<\/h2>\n<p>SHA ont \u00e9t\u00e9 r\u00e9compens\u00e9s en 2010 par le Bund Deutscher Architekten (BDA) avec le premier prix pour la <span style=\"text-decoration: underline;\"><a href=\"https:\/\/sha.de\/fr\/projects\/hebergement-restauration\/dortmund-maison-au-bord-du-lac\">\u00ab\u00a0Haus am See\u00a0\u00bb \u00e0 Dortmund<\/a><\/span> Kirchh\u00f6rde. En pr\u00e9sence du maire Ullrich Sierau, Birgit et Christoph Helbich ont re\u00e7u le prix de leur coll\u00e8gue Bruno Brandi de Hambourg \u00e0 l&rsquo;h\u00f4tel de ville de Dortmund.<\/p>\n<h4>Explication du jury :<\/h4>\n<p>\u00ab\u00a0La maison individuelle est situ\u00e9e dans une situation typique de banlieue. Au milieu d&rsquo;habitations similaires donnant sur la rue et compl\u00e9t\u00e9es par un jardin \u00e0 l&rsquo;arri\u00e8re, l&rsquo;architecte a r\u00e9ussi \u00e0 cr\u00e9er une architecture particuli\u00e8re. La maison et le garage forment une entr\u00e9e spatiale dans des cubes soigneusement mesur\u00e9s et proportionn\u00e9s les uns par rapport aux autres. L&rsquo;immeuble d&rsquo;habitation se pr\u00e9sente d&rsquo;abord comme herm\u00e9tique : deux murs cr\u00e9pis (c\u00f4t\u00e9 rue et c\u00f4t\u00e9 voisin), ouverts uniquement par d&rsquo;\u00e9troites bandes de fen\u00eatres, et un \u00e9troit pan de mur constituent l&rsquo;ossature constructive de la construction sur un plan rectangulaire allong\u00e9.<\/p>\n<\/div><\/section><\/div><div class=\"flex_column av_one_third  flex_column_div av-zero-column-padding        avia-builder-el-23  el_after_av_one_third  avia-builder-el-last  \"><section  class='av_textblock_section av-k35rkyu0-13-8417a754fbe74038a93a21d1c217610a '   itemscope=\"itemscope\" itemtype=\"https:\/\/schema.org\/CreativeWork\" ><div class='avia_textblock'  itemprop=\"text\" ><p>Entre les deux, la surface des murs de la maison est toutefois enti\u00e8rement dissoute au moyen d&rsquo;une construction en acier et en verre. Les surfaces murales presque ferm\u00e9es et l&rsquo;effet de relief des embrasures profondes des fen\u00eatres et le rythme staccato des \u00e9l\u00e9ments verticaux en acier cr\u00e9ent un charme \u00e9trange, quelque peu techno\u00efde.<\/p>\n<p>Le b\u00e2timent tire un avantage tout particulier de la large ouverture de la fa\u00e7ade arri\u00e8re : le grand s\u00e9jour, habilement reli\u00e9 \u00e0 la cuisine autour du noyau de desserte, et les chambres \u00e0 coucher desservies par un couloir commun au premier \u00e9tage s&rsquo;ouvrent sur un jardin d&rsquo;aspect naturel avec des arbres et un acc\u00e8s direct \u00e0 un petit lac. On ne pouvait pas faire beaucoup mieux pour profiter de cette situation de r\u00eave\u00a0\u00bb.<\/p>\n<\/div><\/section><\/div><\/div><\/div><\/div><!-- close content main div --><\/div><\/div><div id='av_section_5' class='avia-section main_color pt-default pb-default avia-no-border-styling avia-bg-style-scroll  avia-builder-el-25  el_after_av_section  el_before_av_section  auszeichnung  container_wrap fullsize' style=' '  ><div class='container' ><div class='template-page content  av-content-full alpha units'><div class='post-entry post-entry-type-page post-entry-38333'><div class='entry-content-wrapper clearfix'>\n<div class=\"flex_column av_one_third  flex_column_div av-zero-column-padding first       avia-builder-el-26  el_before_av_one_third  avia-builder-el-first  \"><div  class='avia-image-container  av-styling-    avia-builder-el-27  avia-builder-el-no-sibling  avia-align-center'  itemprop=\"image\" itemscope=\"itemscope\" itemtype=\"https:\/\/schema.org\/ImageObject\"  ><div class='avia-image-container-inner'><div class='avia-image-overlay-wrap'><img class='avia_image' src='https:\/\/sha.de\/wp-content\/uploads\/auszeichnung_uniporlogo.jpg' alt='' title='Auszeichnung Uniporlogo' height=\"89\" width=\"287\"  itemprop=\"thumbnailUrl\"  \/><\/div><\/div><\/div><\/div><div class=\"flex_column av_one_third  flex_column_div av-zero-column-padding        avia-builder-el-28  el_after_av_one_third  el_before_av_one_third  \"><section  class='av_textblock_section av-k35rkyu0-11-529c3f592dd3440a503c0d8b38508bb7 '   itemscope=\"itemscope\" itemtype=\"https:\/\/schema.org\/CreativeWork\" ><div class='avia_textblock'  itemprop=\"text\" ><h2>Prix UNIPOR 2009 : la maison du lac \u00ab\u00a0en harmonie avec la nature\u00a0\u00bb.<\/h2>\n<p>A l&rsquo;occasion du salon \u00ab\u00a0Bau 2009\u00a0\u00bb qui se tient \u00e0 Munich, SHA s&rsquo;est vu d\u00e9cerner le premier prix de l&rsquo;UNIPOR-Ziegel Marketing GmbH pour la <a href=\"https:\/\/sha.de\/fr\/projects\/hebergement-restauration\/dortmund-maison-au-bord-du-lac\">\u00ab\u00a0Haus am See\u00a0\u00bb \u00e0 Dortmund Kirchh\u00f6rde<\/a>. Birgit et Christoph Helbich ont re\u00e7u le prix au nom du bureau sous les applaudissements des visiteurs du salon.<\/p>\n<p>Sous la devise \u00ab\u00a0En harmonie avec la nature\u00a0\u00bb, le jury a appr\u00e9ci\u00e9 le projet pour \u00ab\u00a0son raffinement architectural\u00a0\u00bb et son mode de construction respectueux de l&rsquo;environnement : \u00ab\u00a0L&rsquo;utilisation \u00e9conome de l&rsquo;\u00e9nergie est due \u00e0 des moyens architecturaux tels que la compacit\u00e9, le zonage et l&rsquo;orientation\u00a0\u00bb, de sorte qu&rsquo;il a \u00e9t\u00e9 possible de renoncer \u00e0 des composants high-tech co\u00fbteux : une solution architecturale par excellence des th\u00e8mes \u00e9cologiques.<\/p>\n<\/div><\/section><\/div><div class=\"flex_column av_one_third  flex_column_div av-zero-column-padding        avia-builder-el-30  el_after_av_one_third  avia-builder-el-last  \"><div  class='avia-image-container  av-styling-    avia-builder-el-31  avia-builder-el-no-sibling  avia-align-center'  itemprop=\"image\" itemscope=\"itemscope\" itemtype=\"https:\/\/schema.org\/ImageObject\"  ><div class='avia-image-container-inner'><div class='avia-image-overlay-wrap'><img class='avia_image' src='https:\/\/sha.de\/wp-content\/uploads\/auszeichnung_hausamsee-706x564.jpg' alt='' title='Auszeichnung Hausamsee' height=\"564\" width=\"706\"  itemprop=\"thumbnailUrl\"  \/><\/div><\/div><\/div><\/div><\/div><\/div><\/div><!-- close content main div --><\/div><\/div><div id='av_section_6' class='avia-section main_color pt-default pb-default avia-no-border-styling avia-bg-style-scroll  avia-builder-el-32  el_after_av_section  avia-builder-el-last  auszeichnung  container_wrap fullsize' style=' '  ><div class='container' ><div class='template-page content  av-content-full alpha units'><div class='post-entry post-entry-type-page post-entry-38333'><div class='entry-content-wrapper clearfix'>\n<div class=\"flex_column av_one_third  flex_column_div av-zero-column-padding first       avia-builder-el-33  el_before_av_one_third  avia-builder-el-first  \"><div  class='avia-image-container  av-styling-    avia-builder-el-34  avia-builder-el-no-sibling  avia-align-center'  itemprop=\"image\" itemscope=\"itemscope\" itemtype=\"https:\/\/schema.org\/ImageObject\"  ><div class='avia-image-container-inner'><div class='avia-image-overlay-wrap'><img class='avia_image' src='https:\/\/sha.de\/wp-content\/uploads\/auszeichnung_dsplogo.jpg' alt='' title='Auszeichnung Dsplogo' height=\"195\" width=\"390\"  itemprop=\"thumbnailUrl\"  \/><\/div><\/div><\/div><\/div><div class=\"flex_column av_one_third  flex_column_div av-zero-column-padding        avia-builder-el-35  el_after_av_one_third  el_before_av_one_third  \"><section  class='av_textblock_section av-k35rkyu0-6-beba41c5781509602f5cff9153778c47 '   itemscope=\"itemscope\" itemtype=\"https:\/\/schema.org\/CreativeWork\" ><div class='avia_textblock'  itemprop=\"text\" ><h2>Prix allemand de l&rsquo;urbanisme 2018 pour \u00ab\u00a0PHOENIX &#8211; Un nouveau paysage urbain<\/h2>\n<p>\u00c0 propos : le projet <a href=\"https:\/\/www.dortmund.de\/media\/p\/stadtplanungs_und_bauordnungsamt\/stadtplanung_bauordnung_downloads\/stadtplanung_dl\/PHOENIX_Dokumentation.pdf\" target=\"_blank\" rel=\"noopener nofollow\">\u00ab\u00a0PHOENIX &#8211; Un nouveau paysage urbain \u00e0 Dortmund\u00a0\u00bb<\/a> de la ville de Dortmund a re\u00e7u le prix allemand de l&rsquo;urbanisme 2018. Il est organis\u00e9 par l&rsquo;Acad\u00e9mie allemande d&rsquo;urbanisme et d&rsquo;am\u00e9nagement du territoire (DASL) et soutenu par la Fondation W\u00fcstenrot. Il vise \u00e0 promouvoir une culture de la planification et de l&rsquo;urbanisme tourn\u00e9e vers l&rsquo;avenir. Le triptyque PHOENIX West &#8211; H\u00f6rde-Zentrum &#8211; Phoenix See est consid\u00e9r\u00e9 comme un projet r\u00e9ussi de changement structurel.<\/p>\n<p>SHA est fi\u00e8re de faire partie ici, avec la r\u00e9alisation du PhoenixWERK, de l&rsquo;un des plus grands projets de conversion du pass\u00e9 r\u00e9cent \u00e0 Dortmund et dans le Land de Rh\u00e9nanie-du-Nord-Westphalie.<\/p>\n<\/div><\/section><\/div><div class=\"flex_column av_one_third  flex_column_div av-zero-column-padding        avia-builder-el-37  el_after_av_one_third  avia-builder-el-last  \"><div  class='avia-image-container  av-styling-    avia-builder-el-38  avia-builder-el-no-sibling  avia-align-center'  itemprop=\"image\" itemscope=\"itemscope\" itemtype=\"https:\/\/schema.org\/ImageObject\"  ><div class='avia-image-container-inner'><div class='avia-image-overlay-wrap'><img class='avia_image' src='https:\/\/sha.de\/wp-content\/uploads\/referenze_phoenixwerk_gallery_03-706x564.jpg' alt='' title='Referenze Phoenixwerk Gallery 03' height=\"564\" width=\"706\"  itemprop=\"thumbnailUrl\"  \/><\/div><\/div><\/div><\/div>\n<\/p>\n","protected":false},"excerpt":{"rendered":"","protected":false},"author":1,"featured_media":0,"parent":30213,"menu_order":2,"comment_status":"closed","ping_status":"closed","template":"","meta":{"_acf_changed":false,"content-type":"","footnotes":""},"class_list":["post-38333","page","type-page","status-publish","hentry"],"acf":[],"yoast_head":"<!-- This site is optimized with the Yoast SEO plugin v27.4 - https:\/\/yoast.com\/product\/yoast-seo-wordpress\/ -->\n<title>R\u00e9compenses | SHA Scheffler Helbich Architekten GmbH<\/title>\n<meta name=\"description\" content=\"Nous sommes fiers d&#039;avoir re\u00e7u de nombreuses r\u00e9compenses et prix d&#039;architecture. Prix BDA 2019 \u2713 Prix allemand de l&#039;urbanisme 2018 \u2713 Prix UNIPOR 2009 \u2713\" \/>\n<meta name=\"robots\" content=\"index, follow, max-snippet:-1, max-image-preview:large, max-video-preview:-1\" \/>\n<link rel=\"canonical\" href=\"https:\/\/sha.de\/fr\/notre-bureau\/recompenses\" \/>\n<meta property=\"og:locale\" content=\"fr_FR\" \/>\n<meta property=\"og:type\" content=\"article\" \/>\n<meta property=\"og:title\" content=\"R\u00e9compenses | SHA Scheffler Helbich Architekten GmbH\" \/>\n<meta property=\"og:description\" content=\"Nous sommes fiers d&#039;avoir re\u00e7u de nombreuses r\u00e9compenses et prix d&#039;architecture. Prix BDA 2019 \u2713 Prix allemand de l&#039;urbanisme 2018 \u2713 Prix UNIPOR 2009 \u2713\" \/>\n<meta property=\"og:url\" content=\"https:\/\/sha.de\/fr\/notre-bureau\/recompenses\" \/>\n<meta property=\"og:site_name\" content=\"SHA Scheffler Helbich Architekten GmbH\" \/>\n<meta property=\"article:modified_time\" content=\"2024-08-29T11:32:09+00:00\" \/>\n<meta name=\"twitter:card\" content=\"summary_large_image\" \/>\n<meta name=\"twitter:label1\" content=\"Dur\u00e9e de lecture estim\u00e9e\" \/>\n\t<meta name=\"twitter:data1\" content=\"23 minutes\" \/>\n<script type=\"application\/ld+json\" class=\"yoast-schema-graph\">{\"@context\":\"https:\\\/\\\/schema.org\",\"@graph\":[{\"@type\":\"WebPage\",\"@id\":\"https:\\\/\\\/sha.de\\\/fr\\\/notre-bureau\\\/recompenses\",\"url\":\"https:\\\/\\\/sha.de\\\/fr\\\/notre-bureau\\\/recompenses\",\"name\":\"R\u00e9compenses | SHA Scheffler Helbich Architekten GmbH\",\"isPartOf\":{\"@id\":\"https:\\\/\\\/sha.de\\\/fr#website\"},\"datePublished\":\"2019-11-19T11:10:03+00:00\",\"dateModified\":\"2024-08-29T11:32:09+00:00\",\"description\":\"Nous sommes fiers d'avoir re\u00e7u de nombreuses r\u00e9compenses et prix d'architecture. Prix BDA 2019 \u2713 Prix allemand de l'urbanisme 2018 \u2713 Prix UNIPOR 2009 \u2713\",\"breadcrumb\":{\"@id\":\"https:\\\/\\\/sha.de\\\/fr\\\/notre-bureau\\\/recompenses#breadcrumb\"},\"inLanguage\":\"fr-FR\",\"potentialAction\":[{\"@type\":\"ReadAction\",\"target\":[\"https:\\\/\\\/sha.de\\\/fr\\\/notre-bureau\\\/recompenses\"]}]},{\"@type\":\"BreadcrumbList\",\"@id\":\"https:\\\/\\\/sha.de\\\/fr\\\/notre-bureau\\\/recompenses#breadcrumb\",\"itemListElement\":[{\"@type\":\"ListItem\",\"position\":1,\"name\":\"Startseite\",\"item\":\"https:\\\/\\\/sha.de\\\/fr\"},{\"@type\":\"ListItem\",\"position\":2,\"name\":\"Notre bureau\",\"item\":\"https:\\\/\\\/sha.de\\\/fr\\\/notre-bureau\"},{\"@type\":\"ListItem\",\"position\":3,\"name\":\"R\u00e9compenses\"}]},{\"@type\":\"WebSite\",\"@id\":\"https:\\\/\\\/sha.de\\\/fr#website\",\"url\":\"https:\\\/\\\/sha.de\\\/fr\",\"name\":\"SHA Scheffler Helbich Architekten GmbH\",\"description\":\"\",\"potentialAction\":[{\"@type\":\"SearchAction\",\"target\":{\"@type\":\"EntryPoint\",\"urlTemplate\":\"https:\\\/\\\/sha.de\\\/fr?s={search_term_string}\"},\"query-input\":{\"@type\":\"PropertyValueSpecification\",\"valueRequired\":true,\"valueName\":\"search_term_string\"}}],\"inLanguage\":\"fr-FR\"}]}<\/script>\n<!-- \/ Yoast SEO plugin. -->","yoast_head_json":{"title":"R\u00e9compenses | SHA Scheffler Helbich Architekten GmbH","description":"Nous sommes fiers d'avoir re\u00e7u de nombreuses r\u00e9compenses et prix d'architecture. Prix BDA 2019 \u2713 Prix allemand de l'urbanisme 2018 \u2713 Prix UNIPOR 2009 \u2713","robots":{"index":"index","follow":"follow","max-snippet":"max-snippet:-1","max-image-preview":"max-image-preview:large","max-video-preview":"max-video-preview:-1"},"canonical":"https:\/\/sha.de\/fr\/notre-bureau\/recompenses","og_locale":"fr_FR","og_type":"article","og_title":"R\u00e9compenses | SHA Scheffler Helbich Architekten GmbH","og_description":"Nous sommes fiers d'avoir re\u00e7u de nombreuses r\u00e9compenses et prix d'architecture. Prix BDA 2019 \u2713 Prix allemand de l'urbanisme 2018 \u2713 Prix UNIPOR 2009 \u2713","og_url":"https:\/\/sha.de\/fr\/notre-bureau\/recompenses","og_site_name":"SHA Scheffler Helbich Architekten GmbH","article_modified_time":"2024-08-29T11:32:09+00:00","twitter_card":"summary_large_image","twitter_misc":{"Dur\u00e9e de lecture estim\u00e9e":"23 minutes"},"schema":{"@context":"https:\/\/schema.org","@graph":[{"@type":"WebPage","@id":"https:\/\/sha.de\/fr\/notre-bureau\/recompenses","url":"https:\/\/sha.de\/fr\/notre-bureau\/recompenses","name":"R\u00e9compenses | SHA Scheffler Helbich Architekten GmbH","isPartOf":{"@id":"https:\/\/sha.de\/fr#website"},"datePublished":"2019-11-19T11:10:03+00:00","dateModified":"2024-08-29T11:32:09+00:00","description":"Nous sommes fiers d'avoir re\u00e7u de nombreuses r\u00e9compenses et prix d'architecture. Prix BDA 2019 \u2713 Prix allemand de l'urbanisme 2018 \u2713 Prix UNIPOR 2009 \u2713","breadcrumb":{"@id":"https:\/\/sha.de\/fr\/notre-bureau\/recompenses#breadcrumb"},"inLanguage":"fr-FR","potentialAction":[{"@type":"ReadAction","target":["https:\/\/sha.de\/fr\/notre-bureau\/recompenses"]}]},{"@type":"BreadcrumbList","@id":"https:\/\/sha.de\/fr\/notre-bureau\/recompenses#breadcrumb","itemListElement":[{"@type":"ListItem","position":1,"name":"Startseite","item":"https:\/\/sha.de\/fr"},{"@type":"ListItem","position":2,"name":"Notre bureau","item":"https:\/\/sha.de\/fr\/notre-bureau"},{"@type":"ListItem","position":3,"name":"R\u00e9compenses"}]},{"@type":"WebSite","@id":"https:\/\/sha.de\/fr#website","url":"https:\/\/sha.de\/fr","name":"SHA Scheffler Helbich Architekten GmbH","description":"","potentialAction":[{"@type":"SearchAction","target":{"@type":"EntryPoint","urlTemplate":"https:\/\/sha.de\/fr?s={search_term_string}"},"query-input":{"@type":"PropertyValueSpecification","valueRequired":true,"valueName":"search_term_string"}}],"inLanguage":"fr-FR"}]}},"_links":{"self":[{"href":"https:\/\/sha.de\/fr\/wp-json\/wp\/v2\/pages\/38333","targetHints":{"allow":["GET"]}}],"collection":[{"href":"https:\/\/sha.de\/fr\/wp-json\/wp\/v2\/pages"}],"about":[{"href":"https:\/\/sha.de\/fr\/wp-json\/wp\/v2\/types\/page"}],"author":[{"embeddable":true,"href":"https:\/\/sha.de\/fr\/wp-json\/wp\/v2\/users\/1"}],"replies":[{"embeddable":true,"href":"https:\/\/sha.de\/fr\/wp-json\/wp\/v2\/comments?post=38333"}],"version-history":[{"count":8,"href":"https:\/\/sha.de\/fr\/wp-json\/wp\/v2\/pages\/38333\/revisions"}],"predecessor-version":[{"id":42893,"href":"https:\/\/sha.de\/fr\/wp-json\/wp\/v2\/pages\/38333\/revisions\/42893"}],"up":[{"embeddable":true,"href":"https:\/\/sha.de\/fr\/wp-json\/wp\/v2\/pages\/30213"}],"wp:attachment":[{"href":"https:\/\/sha.de\/fr\/wp-json\/wp\/v2\/media?parent=38333"}],"curies":[{"name":"wp","href":"https:\/\/api.w.org\/{rel}","templated":true}]}}