{"id":38643,"date":"2024-08-13T15:06:54","date_gmt":"2024-08-13T13:06:54","guid":{"rendered":"https:\/\/sha.de\/projectos\/estadios-e-instalacoes-desportivas"},"modified":"2024-08-28T15:01:57","modified_gmt":"2024-08-28T13:01:57","slug":"estadios-e-instalacoes-desportivas","status":"publish","type":"page","link":"https:\/\/sha.de\/pt-pt\/projectos\/estadios-e-instalacoes-desportivas","title":{"rendered":"Est\u00e1dios e instala\u00e7\u00f5es desportivas"},"content":{"rendered":"<div id='av_section_1' class='avia-section main_color pt-default pb-default avia-no-border-styling avia-bg-style-scroll  avia-builder-el-0  el_before_av_section  avia-builder-el-first   container_wrap fullsize' style=' '  ><div class='container' ><main  role=\"main\" itemprop=\"mainContentOfPage\"  class='template-page content  av-content-full alpha units'><div class='post-entry post-entry-type-page post-entry-38643'><div class='entry-content-wrapper clearfix'>\n\n\t\t\t<div id=\"av-lxafny\" class=\"headline-column flex_column av_one_full flex_column_div first \">\n\t\t\t\t<div class=\"headline-wrap is-outside align-center sub-bottom\">\n\t\t\t\t\t<h1 class=\"headline-content headline-primary\">Arquitectos para o planeamento de est\u00e1dios e instala\u00e7\u00f5es desportivas<\/h1>\n\t\t\t\t\t<h3 class=\"headline-content headline-secondary\">Acompanhamo-lo em toda a Alemanha na constru\u00e7\u00e3o de instala\u00e7\u00f5es desportivas<\/h3>\n\t\t\t\t<\/div>\n\t\t\t<\/div>\n<div class=\"flex_column av_one_third  flex_column_div av-zero-column-padding first       avia-builder-el-2  el_after_pixel_sc_headline  el_before_av_one_third  \"><section  class='av_textblock_section av-ik2sm6-266f468ea8dc6010d2f11fc020bcadee '   itemscope=\"itemscope\" itemtype=\"https:\/\/schema.org\/CreativeWork\" ><div class='avia_textblock'  itemprop=\"text\" ><h2>Gabinete de arquitetura para o planeamento de instala\u00e7\u00f5es desportivas<\/h2>\n<p>SHA \u00e9 o seu gabinete de arquitetura competente para o planeamento de est\u00e1dios e instala\u00e7\u00f5es desportivas. Concebemos instala\u00e7\u00f5es desportivas, pavilh\u00f5es desportivos e centros de treino n\u00e3o s\u00f3 de acordo com as mais recentes descobertas da ci\u00eancia do desporto, mas tamb\u00e9m de acordo com as suas necessidades individuais. Com base nos nossos muitos anos de experi\u00eancia, sabemos que cada projeto \u00e9 \u00fanico e requer um conceito \u00fanico, pelo que podemos ajud\u00e1-lo numa vasta gama de projectos de constru\u00e7\u00e3o. De acordo com os nossos princ\u00edpios b\u00e1sicos de funcionalidade, rentabilidade e qualidade estrutural, planeamos e realizamos qualquer instala\u00e7\u00e3o desportiva, desde pequenos campos compactos a grandes est\u00e1dios de futebol.<\/p>\n<p>Com instala\u00e7\u00f5es em <a href=\"https:\/\/sha.de\/pt-pt\/gabinete-de-arquitetura-em-berlim\">Berlim<\/a> e <a href=\"https:\/\/sha.de\/pt-pt\/gabinete-de-planeamento-em-dortmund\">Dortmund<\/a>, tamb\u00e9m estamos sempre perto de si.<\/p>\n<\/div><\/section><\/div><div class=\"flex_column av_one_third  flex_column_div av-zero-column-padding        avia-builder-el-4  el_after_av_one_third  el_before_av_one_third  \"><section  class='av_textblock_section av-f5huvi-1906b2824f8ba75b76d3b4a179392c24 '   itemscope=\"itemscope\" itemtype=\"https:\/\/schema.org\/CreativeWork\" ><div class='avia_textblock'  itemprop=\"text\" ><p>Tudo isto faz de n\u00f3s um parceiro estabelecido na constru\u00e7\u00e3o de instala\u00e7\u00f5es desportivas para clubes da Bundesliga, bem como para pequenos clubes e autoridades locais, a quem apoiamos como arquitectos na realiza\u00e7\u00e3o de instala\u00e7\u00f5es desportivas baseadas nas necessidades. Clubes de renome como o Borussia Dortmund, o RB Leipzig e o FC St. Pauli beneficiam da nossa experi\u00eancia em mat\u00e9ria de forma\u00e7\u00e3o, medicina desportiva e organiza\u00e7\u00e3o.<\/p>\n<p>A n\u00edvel municipal, a nossa aten\u00e7\u00e3o \u00e9 diferente. O nosso objetivo \u00e9 apoiar as autoridades desportivas e os munic\u00edpios como arquitectos de instala\u00e7\u00f5es desportivas, pavilh\u00f5es desportivos e centros de forma\u00e7\u00e3o altamente funcionais. Estas instala\u00e7\u00f5es destinam-se especificamente ao p\u00fablico em geral, o que \u00e9 tido em conta no nosso planeamento desde o in\u00edcio.<\/p>\n<\/div><\/section><\/div><div class=\"flex_column av_one_third  flex_column_div av-zero-column-padding        avia-builder-el-6  el_after_av_one_third  el_before_av_one_full  \"><section  class='av_textblock_section av-c8d4vi-e7eeda528705b4441f0c720dc27c05d9 '   itemscope=\"itemscope\" itemtype=\"https:\/\/schema.org\/CreativeWork\" ><div class='avia_textblock'  itemprop=\"text\" ><h2>Os nossos pontos fortes no planeamento de instala\u00e7\u00f5es desportivas:<strong><br \/>\n<\/strong><\/h2>\n<ul>\n<li>As descobertas cient\u00edficas entram em jogo<\/li>\n<li>As preocupa\u00e7\u00f5es econ\u00f3micas est\u00e3o inclu\u00eddas<\/li>\n<li>Os requisitos individuais s\u00e3o igualmente importantes<\/li>\n<li>Apoio global: an\u00e1lise, planeamento e implementa\u00e7\u00e3o<\/li>\n<li>Anos de experi\u00eancia como gabinete de planeamento de instala\u00e7\u00f5es desportivas<\/li>\n<li>Experi\u00eancia em grandes projectos a n\u00edvel da Bundesliga<\/li>\n<li>Abordagem multifuncional de base alargada para as instala\u00e7\u00f5es desportivas municipais<\/li>\n<\/ul>\n<p>Gostaria tamb\u00e9m de beneficiar do grande n\u00famero de projectos realizados de est\u00e1dios e instala\u00e7\u00f5es desportivas e da nossa experi\u00eancia como gabinete de planeamento? Ent\u00e3o entre em <a href=\"https:\/\/sha.de\/pt-pt\/contacto-2021\">contacto com os nossos especialistas<\/a> agora!<\/p>\n<\/div><\/section><\/div><div class=\"flex_column av_one_full  flex_column_div av-zero-column-padding first bg-default   img-left icon-left  avia-builder-el-8  el_after_av_one_third  avia-builder-el-last  column-top-margin\"><div class=\"slickgallery \">\n\t<div class=\"pixel-slide-wrap\">\n\t\t<div class=\"pixel-slide\" style=\"display: block; width: 100%; float: left;\">\n\t\t\t\t\n\t\t\t\t\t\t\t\t\t\t\t\t\t\n\t\t\t\t\t<div class=\"pixel-slide__image-wrap slide-1\">\n\t\t\t\t\t\t\t<div class=\"pixel-slide__image \"><a href=\"https:\/\/sha.de\/wp-content\/uploads\/St-Pauli-Trib\u00fcne-CE226-24-2011.jpg\" rel=\"lightbox\"><img decoding=\"async\" src=\"https:\/\/sha.de\/wp-content\/uploads\/St-Pauli-Trib\u00fcne-CE226-24-2011-706x368.jpg\" alt=\"Millerntor-Stadion FC St. Pauli | Stadien- und Sportst\u00e4ttenprojekte von SHA Scheffler Helbich Architekten\" title=\"Millerntor-Stadion FC St. Pauli | Stadien- und Sportst\u00e4ttenprojekte von SHA Scheffler Helbich Architekten\"><\/a><\/div>\n\t\t\t\t\t<\/div>\n\t\t\t\t\n\t\t\t\t\t\t\t\t\t\t\t\t\t\n\t\t\t\t\t<div class=\"pixel-slide__image-wrap slide-2\">\n\t\t\t\t\t\t\t<div class=\"pixel-slide__image \"><a href=\"https:\/\/sha.de\/wp-content\/uploads\/RB-Leipzig-Flur-Trainingsbereich-CE409-131-2015.jpg\" rel=\"lightbox\"><img decoding=\"async\" src=\"https:\/\/sha.de\/wp-content\/uploads\/RB-Leipzig-Flur-Trainingsbereich-CE409-131-2015-706x368.jpg\" alt=\"Trainingszentrum RB Leipzig | Stadien- und Sportst\u00e4ttenprojekte von SHA Scheffler Helbich Architekten\" title=\"Trainingszentrum RB Leipzig | Stadien- und Sportst\u00e4ttenprojekte von SHA Scheffler Helbich Architekten\"><\/a><\/div>\n\t\t\t\t\t<\/div>\n\t\t\t\t\n\t\t\t\t\t\t\t\t\t\t\t\t\t\n\t\t\t\t\t<div class=\"pixel-slide__image-wrap slide-3\">\n\t\t\t\t\t\t\t<div class=\"pixel-slide__image \"><a href=\"https:\/\/sha.de\/wp-content\/uploads\/BVB-Trainingszentrum-2005-CE81-8.jpg\" rel=\"lightbox\"><img decoding=\"async\" src=\"https:\/\/sha.de\/wp-content\/uploads\/BVB-Trainingszentrum-2005-CE81-8-706x368.jpg\" alt=\"Trainingszentrum Borussia Dortmund | Stadien- und Sportst\u00e4ttenprojekte von SHA Scheffler Helbich Architekten\" title=\"Trainingszentrum Borussia Dortmund | Stadien- und Sportst\u00e4ttenprojekte von SHA Scheffler Helbich Architekten\"><\/a><\/div>\n\t\t\t\t\t<\/div>\n\t\t\t\t\n\t\t\t\t\t\t\t\t\t\t\t\t\t\n\t\t\t\t\t<div class=\"pixel-slide__image-wrap slide-4\">\n\t\t\t\t\t\t\t<div class=\"pixel-slide__image \"><a href=\"https:\/\/sha.de\/wp-content\/uploads\/Hoeschpark-Dortmund-2015__MG_2488-Pano.jpg\" rel=\"lightbox\"><img decoding=\"async\" src=\"https:\/\/sha.de\/wp-content\/uploads\/Hoeschpark-Dortmund-2015__MG_2488-Pano-706x368.jpg\" alt=\"Sport- und Erholungsanlage Hoeschpark Dortmund | Stadien- und Sportst\u00e4ttenprojekte von SHA Scheffler Helbich Architekten\" title=\"Sport- und Erholungsanlage Hoeschpark Dortmund | Stadien- und Sportst\u00e4ttenprojekte von SHA Scheffler Helbich Architekten\"><\/a><\/div>\n\t\t\t\t\t<\/div>\n\t\t\t\t\t\t<\/div>\n\t<\/div>\n<\/div><\/div>\n\n<\/div><\/div><\/main><!-- close content main element --><\/div><\/div><div id='av_section_2' class='avia-section main_color pt-large pb-large avia-no-border-styling avia-bg-style-scroll  avia-builder-el-10  el_after_av_section  el_before_av_section   container_wrap fullsize' style=' '  ><div class='container' ><div class='template-page content  av-content-full alpha units'><div class='post-entry post-entry-type-page post-entry-38643'><div class='entry-content-wrapper clearfix'>\n\n\t\t\t<div id=\"av-56bwha\" class=\"headline-column flex_column av_one_full flex_column_div first \">\n\t\t\t\t<div class=\"headline-wrap is-outside align-center sub-bottom\">\n\t\t\t\t\t<h2 class=\"headline-content headline-primary\">Servi\u00e7os na constru\u00e7\u00e3o de est\u00e1dios e instala\u00e7\u00f5es desportivas<\/h2>\n\t\t\t\t\t<h3 class=\"headline-content headline-secondary\">A nossa gama completa de servi\u00e7os<\/h3>\n\t\t\t\t<\/div>\n\t\t\t<\/div>\n<div class=\"flex_column av_one_full  flex_column_div av-zero-column-padding first       avia-builder-el-12  el_after_pixel_sc_headline  avia-builder-el-last  \"><ul class=\"icon-row leistungen \">\n\t<li class=\"icon-row__entry beratung\">\n\t\t<a class=\"icon-row__entry-link\" href=\"https:\/\/sha.de\/leistungen\/beratung\">\n\t\t\t<div class=\"icon-row__entry-image\">\n\t\t\t\t<div class=\"entry-image-svg\"><\/div>\n\t\t\t\t<!-- <div class=\"entry-image-hover\"><\/div> -->\n\t\t\t<\/div>\n\t\t\t<div class=\"icon-row__entry-text\">Aconselhamento<\/div>\n\t\t<\/a>\n\t<\/li>\n\t<li class=\"icon-row__entry konzept\">\n\t\t<a class=\"icon-row__entry-link\" href=\"https:\/\/sha.de\/leistungen\/analyse-und-konzept\">\n\t\t\t<div class=\"icon-row__entry-image\">\n\t\t\t\t<div class=\"entry-image-svg\"><\/div>\n\t\t\t\t<!-- <div class=\"entry-image-hover\"><\/div> -->\n\t\t\t<\/div>\n\t\t\t<div class=\"icon-row__entry-text\">An\u00e1lise e conceito<\/div>\n\t\t<\/a>\n\t<\/li>\n\t<li class=\"icon-row__entry planung\">\n\t\t<a class=\"icon-row__entry-link\" href=\"https:\/\/sha.de\/leistungen\/planung-und-koordination\">\n\t\t\t<div class=\"icon-row__entry-image\">\n\t\t\t\t<div class=\"entry-image-svg\"><\/div>\n\t\t\t\t<!-- <div class=\"entry-image-hover\"><\/div> -->\n\t\t\t<\/div>\n\t\t\t<div class=\"icon-row__entry-text\">Planeamento e coordena\u00e7\u00e3o<\/div>\n\t\t<\/a>\n\t<\/li>\n\t<li class=\"icon-row__entry realisierung\">\n\t\t<a class=\"icon-row__entry-link\" href=\"https:\/\/sha.de\/leistungen\/realisierung\">\n\t\t\t<div class=\"icon-row__entry-image\">\n\t\t\t\t<div class=\"entry-image-svg\"><\/div>\n\t\t\t\t<!-- <div class=\"entry-image-hover\"><\/div> -->\n\t\t\t<\/div>\n\t\t\t<div class=\"icon-row__entry-text\">Realiza\u00e7\u00e3o<\/div>\n\t\t<\/a>\n\t<\/li>\n\t<li class=\"icon-row__entry nachbetreuung\">\n\t\t<a class=\"icon-row__entry-link\" href=\"https:\/\/sha.de\/leistungen\/nachbetreuung\">\n\t\t\t<div class=\"icon-row__entry-image\">\n\t\t\t\t<div class=\"entry-image-svg\"><\/div>\n\t\t\t\t<!-- <div class=\"entry-image-hover\"><\/div> -->\n\t\t\t<\/div>\n\t\t\t<div class=\"icon-row__entry-text\">Cuidados posteriores<\/div>\n\t\t<\/a>\n\t<\/li>\n<\/ul><\/div>\n\n<\/div><\/div><\/div><!-- close content main div --><\/div><\/div><div id='av_section_3' class='avia-section main_color pt-default pb-default avia-no-border-styling avia-bg-style-scroll  avia-builder-el-14  el_after_av_section  avia-builder-el-last   container_wrap fullsize' style=' '  ><div class='container' ><div class='template-page content  av-content-full alpha units'><div class='post-entry post-entry-type-page post-entry-38643'><div class='entry-content-wrapper clearfix'>\n\t<div class=\"referenzgrid flex_column av_one_full first\">\n\t\t\t\t<div class=\"referenzgrid-wrap flex_column av_one_full column-top-margin first\">\n\t\t\t\t\t\t<div class=\"referenzgrid-section flex_column av_one_full first\">\n\t\t\t\t\t\t\t\t\t\t\t\t\t\t\t\t\t\t\t\t\t\t\t\t\t\t\t\t\t\t\t\t\t\t\t\t\t\t\t\t\t\t\t\t\t\t\t\t\t\t\t\t\t\t\t\t\t\t\t<div class=\"flex_column av_one_third referenz-column first \">\n\t\t\t\t\t\t\t<article id=\"\" class=\"card-entry referenz-entry static-button   text-align-left has-link   heading-link  has-button \">\n\t<div class=\"card-entry__inner\">\n\t\t\n\t\n\t\t<div class=\"card-entry__media media-type-\">\n\t<div class=\"card-entry__media-inner\">\n\n\t\t<div class=\"card_entry__referenz\">\n\t\t\t<div class=\"card_entry__referenz-inner\">\n\t\t\t\t\t\t\t\t\t<div class=\"card-entry__heading\">\n\t<div class=\"card-entry__heading-inner\">\n\n\n\t\t\t\n\t\t\t\n\t\t\t<a class=\"card-entry__link\" href=\"https:\/\/sha.de\/pt-pt\/projectos\/escritorio-e-administracao\/centro-de-treino-do-rb-leipzig\" target=\"_self\">\n\t\t\t\t\t\t\t<h3 class=\"card-entry__headline  \">\n\t\t\t\t\tCentro de treino do RB Leipzig\n\t\t\t\t<\/h3>\n\t\t\t\n\t\t\t\n\t\t<\/a>\n\t<\/div>\n<\/div>\n\t\t\t\t\t\t\t<\/div>\n\t\t<\/div>\n\n\t\t\t\t\t<div class=\"card-entry__action\">\n\t<div class=\"card-entry__action-inner\">\n\t\t<div class=\"card-entry__button-wrap avia-button-wrap avia-button-right theme-fill\">\n\t\t\t\t\t\t\t<a class=\"card-entry__button avia-button avia-button color-ci-black hover-yellow avia-size-small  avia-position-right\" href=\"https:\/\/sha.de\/pt-pt\/projectos\/escritorio-e-administracao\/centro-de-treino-do-rb-leipzig\" target=\"\">\n\t\t\t\t\t<span class=\"button-icon\"><i class=\"icon-arrow_next\"><\/i><\/span><span class=\"button-text\">Ler mais<\/span>\n\t\t\t\t<\/a>\n\t\t\t\t\t<\/div>\n\t<\/div>\n<\/div>\n\t\t\n\t\t\t\t\t<a href=\"https:\/\/sha.de\/pt-pt\/projectos\/escritorio-e-administracao\/centro-de-treino-do-rb-leipzig\" class=\"slide-image\" title=\"\"><img decoding=\"async\" src=\"https:\/\/sha.de\/wp-content\/uploads\/Trainingszentrum-RB-Leipzig-CE-2-706x564.jpg\" \/><\/a>\n\t\t\t<\/div>\n<\/div>\n\n\t\n\t<\/div>\n<\/article>\n\t\t\t\t\t\t<\/div>\n\t\t\t\t\t\t\t\t\t\t\t\t\t\t\t\t\t\t\t\t<div class=\"flex_column av_one_third referenz-column  \">\n\t\t\t\t\t\t\t<article id=\"\" class=\"card-entry referenz-entry static-button   text-align-left has-link   heading-link  has-button \">\n\t<div class=\"card-entry__inner\">\n\t\t\n\t\n\t\t<div class=\"card-entry__media media-type-\">\n\t<div class=\"card-entry__media-inner\">\n\n\t\t<div class=\"card_entry__referenz\">\n\t\t\t<div class=\"card_entry__referenz-inner\">\n\t\t\t\t\t\t\t\t\t<div class=\"card-entry__heading\">\n\t<div class=\"card-entry__heading-inner\">\n\n\n\t\t\t\n\t\t\t\n\t\t\t<a class=\"card-entry__link\" href=\"https:\/\/sha.de\/pt-pt\/projectos\/estadios-e-instalacoes-desportivas\/escritorio-de-leipzig-novos-ambientes-de-trabalho-criatividade-e-agilidade\" target=\"_self\">\n\t\t\t\t\t\t\t<h3 class=\"card-entry__headline  \">\n\t\t\t\t\tEscrit\u00f3rio de Leipzig: Novos ambientes de trabalho - criatividade e agilidade\n\t\t\t\t<\/h3>\n\t\t\t\n\t\t\t\n\t\t<\/a>\n\t<\/div>\n<\/div>\n\t\t\t\t\t\t\t<\/div>\n\t\t<\/div>\n\n\t\t\t\t\t<div class=\"card-entry__action\">\n\t<div class=\"card-entry__action-inner\">\n\t\t<div class=\"card-entry__button-wrap avia-button-wrap avia-button-right theme-fill\">\n\t\t\t\t\t\t\t<a class=\"card-entry__button avia-button avia-button color-ci-black hover-yellow avia-size-small  avia-position-right\" href=\"https:\/\/sha.de\/pt-pt\/projectos\/estadios-e-instalacoes-desportivas\/escritorio-de-leipzig-novos-ambientes-de-trabalho-criatividade-e-agilidade\" target=\"\">\n\t\t\t\t\t<span class=\"button-icon\"><i class=\"icon-arrow_next\"><\/i><\/span><span class=\"button-text\">Ler mais<\/span>\n\t\t\t\t<\/a>\n\t\t\t\t\t<\/div>\n\t<\/div>\n<\/div>\n\t\t\n\t\t\t\t\t<a href=\"https:\/\/sha.de\/pt-pt\/projectos\/estadios-e-instalacoes-desportivas\/escritorio-de-leipzig-novos-ambientes-de-trabalho-criatividade-e-agilidade\" class=\"slide-image\" title=\"\"><img decoding=\"async\" src=\"https:\/\/sha.de\/wp-content\/uploads\/SHA-NB-GS-RBL-Perspektive-Haupteingang-230329-verkleinert-ohne-Logo-706x564.jpg\" \/><\/a>\n\t\t\t<\/div>\n<\/div>\n\n\t\n\t<\/div>\n<\/article>\n\t\t\t\t\t\t<\/div>\n\t\t\t\t\t\t\t\t\t\t\t\t\t\t\t\t\t\t\t\t<div class=\"flex_column av_one_third referenz-column  \">\n\t\t\t\t\t\t\t<article id=\"\" class=\"card-entry referenz-entry static-button   text-align-left has-link   heading-link  has-button \">\n\t<div class=\"card-entry__inner\">\n\t\t\n\t\n\t\t<div class=\"card-entry__media media-type-\">\n\t<div class=\"card-entry__media-inner\">\n\n\t\t<div class=\"card_entry__referenz\">\n\t\t\t<div class=\"card_entry__referenz-inner\">\n\t\t\t\t\t\t\t\t\t<div class=\"card-entry__heading\">\n\t<div class=\"card-entry__heading-inner\">\n\n\n\t\t\t\n\t\t\t\n\t\t\t<a class=\"card-entry__link\" href=\"https:\/\/sha.de\/pt-pt\/projectos\/estadios-e-instalacoes-desportivas\/pavilhao-desportivo-quadruplo-em-dortmunder-u-reconhecimento-2021\" target=\"_self\">\n\t\t\t\t\t\t\t<h3 class=\"card-entry__headline  \">\n\t\t\t\t\tPavilh\u00e3o desportivo qu\u00e1druplo em Dortmunder U - reconhecimento 2021\n\t\t\t\t<\/h3>\n\t\t\t\n\t\t\t\n\t\t<\/a>\n\t<\/div>\n<\/div>\n\t\t\t\t\t\t\t<\/div>\n\t\t<\/div>\n\n\t\t\t\t\t<div class=\"card-entry__action\">\n\t<div class=\"card-entry__action-inner\">\n\t\t<div class=\"card-entry__button-wrap avia-button-wrap avia-button-right theme-fill\">\n\t\t\t\t\t\t\t<a class=\"card-entry__button avia-button avia-button color-ci-black hover-yellow avia-size-small  avia-position-right\" href=\"https:\/\/sha.de\/pt-pt\/projectos\/estadios-e-instalacoes-desportivas\/pavilhao-desportivo-quadruplo-em-dortmunder-u-reconhecimento-2021\" target=\"\">\n\t\t\t\t\t<span class=\"button-icon\"><i class=\"icon-arrow_next\"><\/i><\/span><span class=\"button-text\">Ler mais<\/span>\n\t\t\t\t<\/a>\n\t\t\t\t\t<\/div>\n\t<\/div>\n<\/div>\n\t\t\n\t\t\t\t\t<a href=\"https:\/\/sha.de\/pt-pt\/projectos\/estadios-e-instalacoes-desportivas\/pavilhao-desportivo-quadruplo-em-dortmunder-u-reconhecimento-2021\" class=\"slide-image\" title=\"\"><img decoding=\"async\" src=\"https:\/\/sha.de\/wp-content\/uploads\/Stadtgarten_Unionsviertel_Dortmund-1-706x564.jpg\" \/><\/a>\n\t\t\t<\/div>\n<\/div>\n\n\t\n\t<\/div>\n<\/article>\n\t\t\t\t\t\t<\/div>\n\t\t\t\t\t\t\t\t\t\t\t\t\t\t\t\t\t\t\t\t<div class=\"flex_column av_one_third referenz-column first column-top-margin\">\n\t\t\t\t\t\t\t<article id=\"\" class=\"card-entry referenz-entry static-button   text-align-left has-link   heading-link  has-button \">\n\t<div class=\"card-entry__inner\">\n\t\t\n\t\n\t\t<div class=\"card-entry__media media-type-\">\n\t<div class=\"card-entry__media-inner\">\n\n\t\t<div class=\"card_entry__referenz\">\n\t\t\t<div class=\"card_entry__referenz-inner\">\n\t\t\t\t\t\t\t\t\t<div class=\"card-entry__heading\">\n\t<div class=\"card-entry__heading-inner\">\n\n\n\t\t\t\n\t\t\t\n\t\t\t<a class=\"card-entry__link\" href=\"https:\/\/sha.de\/pt-pt\/projectos\/escritorio-e-administracao\/borussia-dortmund-ampliacao-do-campo-de-treinos-do-bvb\" target=\"_self\">\n\t\t\t\t\t\t\t<h3 class=\"card-entry__headline  \">\n\t\t\t\t\tBorussia Dortmund: Amplia\u00e7\u00e3o do campo de treinos do BVB\n\t\t\t\t<\/h3>\n\t\t\t\n\t\t\t\n\t\t<\/a>\n\t<\/div>\n<\/div>\n\t\t\t\t\t\t\t<\/div>\n\t\t<\/div>\n\n\t\t\t\t\t<div class=\"card-entry__action\">\n\t<div class=\"card-entry__action-inner\">\n\t\t<div class=\"card-entry__button-wrap avia-button-wrap avia-button-right theme-fill\">\n\t\t\t\t\t\t\t<a class=\"card-entry__button avia-button avia-button color-ci-black hover-yellow avia-size-small  avia-position-right\" href=\"https:\/\/sha.de\/pt-pt\/projectos\/escritorio-e-administracao\/borussia-dortmund-ampliacao-do-campo-de-treinos-do-bvb\" target=\"\">\n\t\t\t\t\t<span class=\"button-icon\"><i class=\"icon-arrow_next\"><\/i><\/span><span class=\"button-text\">Ler mais<\/span>\n\t\t\t\t<\/a>\n\t\t\t\t\t<\/div>\n\t<\/div>\n<\/div>\n\t\t\n\t\t\t\t\t<a href=\"https:\/\/sha.de\/pt-pt\/projectos\/escritorio-e-administracao\/borussia-dortmund-ampliacao-do-campo-de-treinos-do-bvb\" class=\"slide-image\" title=\"\"><img decoding=\"async\" src=\"https:\/\/sha.de\/wp-content\/uploads\/Geschaeftsstelle-Sport-Borussia-Dortmund-706x564.jpg\" \/><\/a>\n\t\t\t<\/div>\n<\/div>\n\n\t\n\t<\/div>\n<\/article>\n\t\t\t\t\t\t<\/div>\n\t\t\t\t\t\t\t\t\t\t\t\t\t\t\t\t\t\t\t\t<div class=\"flex_column av_one_third referenz-column  column-top-margin\">\n\t\t\t\t\t\t\t<article id=\"\" class=\"card-entry referenz-entry static-button   text-align-left has-link   heading-link  has-button \">\n\t<div class=\"card-entry__inner\">\n\t\t\n\t\n\t\t<div class=\"card-entry__media media-type-\">\n\t<div class=\"card-entry__media-inner\">\n\n\t\t<div class=\"card_entry__referenz\">\n\t\t\t<div class=\"card_entry__referenz-inner\">\n\t\t\t\t\t\t\t\t\t<div class=\"card-entry__heading\">\n\t<div class=\"card-entry__heading-inner\">\n\n\n\t\t\t\n\t\t\t\n\t\t\t<a class=\"card-entry__link\" href=\"https:\/\/sha.de\/pt-pt\/projectos\/estadios-e-instalacoes-desportivas\/estadio-millerntor-de-hamburgo-nova-construcao-da-bancada-principal\" target=\"_self\">\n\t\t\t\t\t\t\t<h3 class=\"card-entry__headline  \">\n\t\t\t\t\tEst\u00e1dio Millerntor de Hamburgo: Nova constru\u00e7\u00e3o da bancada principal\n\t\t\t\t<\/h3>\n\t\t\t\n\t\t\t\n\t\t<\/a>\n\t<\/div>\n<\/div>\n\t\t\t\t\t\t\t<\/div>\n\t\t<\/div>\n\n\t\t\t\t\t<div class=\"card-entry__action\">\n\t<div class=\"card-entry__action-inner\">\n\t\t<div class=\"card-entry__button-wrap avia-button-wrap avia-button-right theme-fill\">\n\t\t\t\t\t\t\t<a class=\"card-entry__button avia-button avia-button color-ci-black hover-yellow avia-size-small  avia-position-right\" href=\"https:\/\/sha.de\/pt-pt\/projectos\/estadios-e-instalacoes-desportivas\/estadio-millerntor-de-hamburgo-nova-construcao-da-bancada-principal\" target=\"\">\n\t\t\t\t\t<span class=\"button-icon\"><i class=\"icon-arrow_next\"><\/i><\/span><span class=\"button-text\">Ler mais<\/span>\n\t\t\t\t<\/a>\n\t\t\t\t\t<\/div>\n\t<\/div>\n<\/div>\n\t\t\n\t\t\t\t\t<a href=\"https:\/\/sha.de\/pt-pt\/projectos\/estadios-e-instalacoes-desportivas\/estadio-millerntor-de-hamburgo-nova-construcao-da-bancada-principal\" class=\"slide-image\" title=\"\"><img decoding=\"async\" src=\"https:\/\/sha.de\/wp-content\/uploads\/Westtrib\u00fcne-St.-Pauli-Millerntor-Hamburg-Stadion-5-706x564.jpg\" \/><\/a>\n\t\t\t<\/div>\n<\/div>\n\n\t\n\t<\/div>\n<\/article>\n\t\t\t\t\t\t<\/div>\n\t\t\t\t\t\t\t\t\t\t\t\t\t\t\t\t\t\t\t\t<div class=\"flex_column av_one_third referenz-column  column-top-margin\">\n\t\t\t\t\t\t\t<article id=\"\" class=\"card-entry referenz-entry static-button   text-align-left has-link   heading-link  has-button \">\n\t<div class=\"card-entry__inner\">\n\t\t\n\t\n\t\t<div class=\"card-entry__media media-type-\">\n\t<div class=\"card-entry__media-inner\">\n\n\t\t<div class=\"card_entry__referenz\">\n\t\t\t<div class=\"card_entry__referenz-inner\">\n\t\t\t\t\t\t\t\t\t<div class=\"card-entry__heading\">\n\t<div class=\"card-entry__heading-inner\">\n\n\n\t\t\t\n\t\t\t\n\t\t\t<a class=\"card-entry__link\" href=\"https:\/\/sha.de\/pt-pt\/projectos\/estadios-e-instalacoes-desportivas\/exemplo-de-projeto-para-vestiarios-em-construcao-modular\" target=\"_self\">\n\t\t\t\t\t\t\t<h3 class=\"card-entry__headline  \">\n\t\t\t\t\tExemplo de projeto para vesti\u00e1rios em constru\u00e7\u00e3o modular\n\t\t\t\t<\/h3>\n\t\t\t\n\t\t\t\n\t\t<\/a>\n\t<\/div>\n<\/div>\n\t\t\t\t\t\t\t<\/div>\n\t\t<\/div>\n\n\t\t\t\t\t<div class=\"card-entry__action\">\n\t<div class=\"card-entry__action-inner\">\n\t\t<div class=\"card-entry__button-wrap avia-button-wrap avia-button-right theme-fill\">\n\t\t\t\t\t\t\t<a class=\"card-entry__button avia-button avia-button color-ci-black hover-yellow avia-size-small  avia-position-right\" href=\"https:\/\/sha.de\/pt-pt\/projectos\/estadios-e-instalacoes-desportivas\/exemplo-de-projeto-para-vestiarios-em-construcao-modular\" target=\"\">\n\t\t\t\t\t<span class=\"button-icon\"><i class=\"icon-arrow_next\"><\/i><\/span><span class=\"button-text\">Ler mais<\/span>\n\t\t\t\t<\/a>\n\t\t\t\t\t<\/div>\n\t<\/div>\n<\/div>\n\t\t\n\t\t\t\t\t<a href=\"https:\/\/sha.de\/pt-pt\/projectos\/estadios-e-instalacoes-desportivas\/exemplo-de-projeto-para-vestiarios-em-construcao-modular\" class=\"slide-image\" title=\"\"><img decoding=\"async\" src=\"https:\/\/sha.de\/wp-content\/uploads\/Perspektive-Umkleidegeb\u00e4ude-706x564.jpg\" \/><\/a>\n\t\t\t<\/div>\n<\/div>\n\n\t\n\t<\/div>\n<\/article>\n\t\t\t\t\t\t<\/div>\n\t\t\t\t\t\t\t\t\t\t\t\t\t\t\t\t\t\t\t\t<div class=\"flex_column av_one_third referenz-column first column-top-margin\">\n\t\t\t\t\t\t\t<article id=\"\" class=\"card-entry referenz-entry static-button   text-align-left has-link   heading-link  has-button \">\n\t<div class=\"card-entry__inner\">\n\t\t\n\t\n\t\t<div class=\"card-entry__media media-type-\">\n\t<div class=\"card-entry__media-inner\">\n\n\t\t<div class=\"card_entry__referenz\">\n\t\t\t<div class=\"card_entry__referenz-inner\">\n\t\t\t\t\t\t\t\t\t<div class=\"card-entry__heading\">\n\t<div class=\"card-entry__heading-inner\">\n\n\n\t\t\t\n\t\t\t\n\t\t\t<a class=\"card-entry__link\" href=\"https:\/\/sha.de\/pt-pt\/projectos\/estadios-e-instalacoes-desportivas\/campo-desportivo-bischofsgrun\" target=\"_self\">\n\t\t\t\t\t\t\t<h3 class=\"card-entry__headline  \">\n\t\t\t\t\tCampo desportivo Bischofsgr\u00fcn\n\t\t\t\t<\/h3>\n\t\t\t\n\t\t\t\n\t\t<\/a>\n\t<\/div>\n<\/div>\n\t\t\t\t\t\t\t<\/div>\n\t\t<\/div>\n\n\t\t\t\t\t<div class=\"card-entry__action\">\n\t<div class=\"card-entry__action-inner\">\n\t\t<div class=\"card-entry__button-wrap avia-button-wrap avia-button-right theme-fill\">\n\t\t\t\t\t\t\t<a class=\"card-entry__button avia-button avia-button color-ci-black hover-yellow avia-size-small  avia-position-right\" href=\"https:\/\/sha.de\/pt-pt\/projectos\/estadios-e-instalacoes-desportivas\/campo-desportivo-bischofsgrun\" target=\"\">\n\t\t\t\t\t<span class=\"button-icon\"><i class=\"icon-arrow_next\"><\/i><\/span><span class=\"button-text\">Ler mais<\/span>\n\t\t\t\t<\/a>\n\t\t\t\t\t<\/div>\n\t<\/div>\n<\/div>\n\t\t\n\t\t\t\t\t<a href=\"https:\/\/sha.de\/pt-pt\/projectos\/estadios-e-instalacoes-desportivas\/campo-desportivo-bischofsgrun\" class=\"slide-image\" title=\"\"><img decoding=\"async\" src=\"https:\/\/sha.de\/wp-content\/uploads\/Sportcamp-web-2-706x564.jpg\" \/><\/a>\n\t\t\t<\/div>\n<\/div>\n\n\t\n\t<\/div>\n<\/article>\n\t\t\t\t\t\t<\/div>\n\t\t\t\t\t\t\t\t\t\t\t\t\t\t\t\t\t\t\t\t<div class=\"flex_column av_one_third referenz-column  column-top-margin\">\n\t\t\t\t\t\t\t<article id=\"\" class=\"card-entry referenz-entry static-button   text-align-left has-link   heading-link  has-button \">\n\t<div class=\"card-entry__inner\">\n\t\t\n\t\n\t\t<div class=\"card-entry__media media-type-\">\n\t<div class=\"card-entry__media-inner\">\n\n\t\t<div class=\"card_entry__referenz\">\n\t\t\t<div class=\"card_entry__referenz-inner\">\n\t\t\t\t\t\t\t\t\t<div class=\"card-entry__heading\">\n\t<div class=\"card-entry__heading-inner\">\n\n\n\t\t\t\n\t\t\t\n\t\t\t<a class=\"card-entry__link\" href=\"https:\/\/sha.de\/pt-pt\/projectos\/estadios-e-instalacoes-desportivas\/centro-desportivo-e-recreativo-hoeschpark-dortmund\" target=\"_self\">\n\t\t\t\t\t\t\t<h3 class=\"card-entry__headline  \">\n\t\t\t\t\tCentro desportivo e recreativo Hoeschpark Dortmund\n\t\t\t\t<\/h3>\n\t\t\t\n\t\t\t\n\t\t<\/a>\n\t<\/div>\n<\/div>\n\t\t\t\t\t\t\t<\/div>\n\t\t<\/div>\n\n\t\t\t\t\t<div class=\"card-entry__action\">\n\t<div class=\"card-entry__action-inner\">\n\t\t<div class=\"card-entry__button-wrap avia-button-wrap avia-button-right theme-fill\">\n\t\t\t\t\t\t\t<a class=\"card-entry__button avia-button avia-button color-ci-black hover-yellow avia-size-small  avia-position-right\" href=\"https:\/\/sha.de\/pt-pt\/projectos\/estadios-e-instalacoes-desportivas\/centro-desportivo-e-recreativo-hoeschpark-dortmund\" target=\"\">\n\t\t\t\t\t<span class=\"button-icon\"><i class=\"icon-arrow_next\"><\/i><\/span><span class=\"button-text\">Ler mais<\/span>\n\t\t\t\t<\/a>\n\t\t\t\t\t<\/div>\n\t<\/div>\n<\/div>\n\t\t\n\t\t\t\t\t<a href=\"https:\/\/sha.de\/pt-pt\/projectos\/estadios-e-instalacoes-desportivas\/centro-desportivo-e-recreativo-hoeschpark-dortmund\" class=\"slide-image\" title=\"\"><img decoding=\"async\" src=\"https:\/\/sha.de\/wp-content\/uploads\/Plan-Hoeschpark-3-706x564.jpg\" \/><\/a>\n\t\t\t<\/div>\n<\/div>\n\n\t\n\t<\/div>\n<\/article>\n\t\t\t\t\t\t<\/div>\n\t\t\t\t\t\t\t\t\t\t\t\t\t\t\t\t\t\t\t\t<div class=\"flex_column av_one_third referenz-column  column-top-margin\">\n\t\t\t\t\t\t\t<article id=\"\" class=\"card-entry referenz-entry static-button   text-align-left has-link   heading-link  has-button \">\n\t<div class=\"card-entry__inner\">\n\t\t\n\t\n\t\t<div class=\"card-entry__media media-type-\">\n\t<div class=\"card-entry__media-inner\">\n\n\t\t<div class=\"card_entry__referenz\">\n\t\t\t<div class=\"card_entry__referenz-inner\">\n\t\t\t\t\t\t\t\t\t<div class=\"card-entry__heading\">\n\t<div class=\"card-entry__heading-inner\">\n\n\n\t\t\t\n\t\t\t\n\t\t\t<a class=\"card-entry__link\" href=\"https:\/\/sha.de\/pt-pt\/projectos\/alojamento-e-gastronomia\/rb-leipzig-centro-de-juventude-e-areas-de-lazer\" target=\"_self\">\n\t\t\t\t\t\t\t<h3 class=\"card-entry__headline  \">\n\t\t\t\t\tRB Leipzig: Centro de juventude e \u00e1reas de lazer\n\t\t\t\t<\/h3>\n\t\t\t\n\t\t\t\n\t\t<\/a>\n\t<\/div>\n<\/div>\n\t\t\t\t\t\t\t<\/div>\n\t\t<\/div>\n\n\t\t\t\t\t<div class=\"card-entry__action\">\n\t<div class=\"card-entry__action-inner\">\n\t\t<div class=\"card-entry__button-wrap avia-button-wrap avia-button-right theme-fill\">\n\t\t\t\t\t\t\t<a class=\"card-entry__button avia-button avia-button color-ci-black hover-yellow avia-size-small  avia-position-right\" href=\"https:\/\/sha.de\/pt-pt\/projectos\/alojamento-e-gastronomia\/rb-leipzig-centro-de-juventude-e-areas-de-lazer\" target=\"\">\n\t\t\t\t\t<span class=\"button-icon\"><i class=\"icon-arrow_next\"><\/i><\/span><span class=\"button-text\">Ler mais<\/span>\n\t\t\t\t<\/a>\n\t\t\t\t\t<\/div>\n\t<\/div>\n<\/div>\n\t\t\n\t\t\t\t\t<a href=\"https:\/\/sha.de\/pt-pt\/projectos\/alojamento-e-gastronomia\/rb-leipzig-centro-de-juventude-e-areas-de-lazer\" class=\"slide-image\" title=\"\"><img decoding=\"async\" src=\"https:\/\/sha.de\/wp-content\/uploads\/RB-Leipzig-Jugendinternat-und-Aufenthaltsbereiche-5-706x564.jpg\" \/><\/a>\n\t\t\t<\/div>\n<\/div>\n\n\t\n\t<\/div>\n<\/article>\n\t\t\t\t\t\t<\/div>\n\t\t\t\t\t\t\t\t\t\t\t\t\t\t\t\t\t\t\t\t<div class=\"flex_column av_one_third referenz-column first column-top-margin\">\n\t\t\t\t\t\t\t<article id=\"\" class=\"card-entry referenz-entry static-button   text-align-left has-link   heading-link  has-button \">\n\t<div class=\"card-entry__inner\">\n\t\t\n\t\n\t\t<div class=\"card-entry__media media-type-\">\n\t<div class=\"card-entry__media-inner\">\n\n\t\t<div class=\"card_entry__referenz\">\n\t\t\t<div class=\"card_entry__referenz-inner\">\n\t\t\t\t\t\t\t\t\t<div class=\"card-entry__heading\">\n\t<div class=\"card-entry__heading-inner\">\n\n\n\t\t\t\n\t\t\t\n\t\t\t<a class=\"card-entry__link\" href=\"https:\/\/sha.de\/pt-pt\/projectos\/estadios-e-instalacoes-desportivas\/concurso-sportforum-phoenix-em-dortmund-horde\" target=\"_self\">\n\t\t\t\t\t\t\t<h3 class=\"card-entry__headline  \">\n\t\t\t\t\tConcurso: Sportforum Phoenix em Dortmund H\u00f6rde\n\t\t\t\t<\/h3>\n\t\t\t\n\t\t\t\n\t\t<\/a>\n\t<\/div>\n<\/div>\n\t\t\t\t\t\t\t<\/div>\n\t\t<\/div>\n\n\t\t\t\t\t<div class=\"card-entry__action\">\n\t<div class=\"card-entry__action-inner\">\n\t\t<div class=\"card-entry__button-wrap avia-button-wrap avia-button-right theme-fill\">\n\t\t\t\t\t\t\t<a class=\"card-entry__button avia-button avia-button color-ci-black hover-yellow avia-size-small  avia-position-right\" href=\"https:\/\/sha.de\/pt-pt\/projectos\/estadios-e-instalacoes-desportivas\/concurso-sportforum-phoenix-em-dortmund-horde\" target=\"\">\n\t\t\t\t\t<span class=\"button-icon\"><i class=\"icon-arrow_next\"><\/i><\/span><span class=\"button-text\">Ler mais<\/span>\n\t\t\t\t<\/a>\n\t\t\t\t\t<\/div>\n\t<\/div>\n<\/div>\n\t\t\n\t\t\t\t\t<a href=\"https:\/\/sha.de\/pt-pt\/projectos\/estadios-e-instalacoes-desportivas\/concurso-sportforum-phoenix-em-dortmund-horde\" class=\"slide-image\" title=\"\"><img decoding=\"async\" src=\"https:\/\/sha.de\/wp-content\/uploads\/Frontal-Sporthalle-Phoenix-706x564.jpg\" \/><\/a>\n\t\t\t<\/div>\n<\/div>\n\n\t\n\t<\/div>\n<\/article>\n\t\t\t\t\t\t<\/div>\n\t\t\t\t\t\t\t\t\t\t\t\t\t\t\t\t\t\t\t\t<div class=\"flex_column av_one_third referenz-column  column-top-margin\">\n\t\t\t\t\t\t\t<article id=\"\" class=\"card-entry referenz-entry static-button   text-align-left has-link   heading-link  has-button \">\n\t<div class=\"card-entry__inner\">\n\t\t\n\t\n\t\t<div class=\"card-entry__media media-type-\">\n\t<div class=\"card-entry__media-inner\">\n\n\t\t<div class=\"card_entry__referenz\">\n\t\t\t<div class=\"card_entry__referenz-inner\">\n\t\t\t\t\t\t\t\t\t<div class=\"card-entry__heading\">\n\t<div class=\"card-entry__heading-inner\">\n\n\n\t\t\t\n\t\t\t\n\t\t\t<a class=\"card-entry__link\" href=\"https:\/\/sha.de\/pt-pt\/projectos\/estadios-e-instalacoes-desportivas\/borussia-dortmund-centro-de-jovens-e-amadores\" target=\"_self\">\n\t\t\t\t\t\t\t<h3 class=\"card-entry__headline  \">\n\t\t\t\t\tBorussia Dortmund: Centro de jovens e amadores\n\t\t\t\t<\/h3>\n\t\t\t\n\t\t\t\n\t\t<\/a>\n\t<\/div>\n<\/div>\n\t\t\t\t\t\t\t<\/div>\n\t\t<\/div>\n\n\t\t\t\t\t<div class=\"card-entry__action\">\n\t<div class=\"card-entry__action-inner\">\n\t\t<div class=\"card-entry__button-wrap avia-button-wrap avia-button-right theme-fill\">\n\t\t\t\t\t\t\t<a class=\"card-entry__button avia-button avia-button color-ci-black hover-yellow avia-size-small  avia-position-right\" href=\"https:\/\/sha.de\/pt-pt\/projectos\/estadios-e-instalacoes-desportivas\/borussia-dortmund-centro-de-jovens-e-amadores\" target=\"\">\n\t\t\t\t\t<span class=\"button-icon\"><i class=\"icon-arrow_next\"><\/i><\/span><span class=\"button-text\">Ler mais<\/span>\n\t\t\t\t<\/a>\n\t\t\t\t\t<\/div>\n\t<\/div>\n<\/div>\n\t\t\n\t\t\t\t\t<a href=\"https:\/\/sha.de\/pt-pt\/projectos\/estadios-e-instalacoes-desportivas\/borussia-dortmund-centro-de-jovens-e-amadores\" class=\"slide-image\" title=\"\"><img decoding=\"async\" src=\"https:\/\/sha.de\/wp-content\/uploads\/BVB-Trainingszentrum-Borussia-Dortmund-5-706x564.jpg\" \/><\/a>\n\t\t\t<\/div>\n<\/div>\n\n\t\n\t<\/div>\n<\/article>\n\t\t\t\t\t\t<\/div>\n\t\t\t\t\t\t\t\t\t\t\t\t\t\t\t\t\t\t\t\t<div class=\"flex_column av_one_third referenz-column  column-top-margin\">\n\t\t\t\t\t\t\t<article id=\"\" class=\"card-entry referenz-entry static-button   text-align-left has-link   heading-link  has-button \">\n\t<div class=\"card-entry__inner\">\n\t\t\n\t\n\t\t<div class=\"card-entry__media media-type-\">\n\t<div class=\"card-entry__media-inner\">\n\n\t\t<div class=\"card_entry__referenz\">\n\t\t\t<div class=\"card_entry__referenz-inner\">\n\t\t\t\t\t\t\t\t\t<div class=\"card-entry__heading\">\n\t<div class=\"card-entry__heading-inner\">\n\n\n\t\t\t\n\t\t\t\n\t\t\t<a class=\"card-entry__link\" href=\"https:\/\/sha.de\/pt-pt\/projectos\/estadios-e-instalacoes-desportivas\/borussia-dortmund-sala-para-os-futebolistas\" target=\"_self\">\n\t\t\t\t\t\t\t<h3 class=\"card-entry__headline  \">\n\t\t\t\t\tBorussia Dortmund: sala para os futebolistas\n\t\t\t\t<\/h3>\n\t\t\t\n\t\t\t\n\t\t<\/a>\n\t<\/div>\n<\/div>\n\t\t\t\t\t\t\t<\/div>\n\t\t<\/div>\n\n\t\t\t\t\t<div class=\"card-entry__action\">\n\t<div class=\"card-entry__action-inner\">\n\t\t<div class=\"card-entry__button-wrap avia-button-wrap avia-button-right theme-fill\">\n\t\t\t\t\t\t\t<a class=\"card-entry__button avia-button avia-button color-ci-black hover-yellow avia-size-small  avia-position-right\" href=\"https:\/\/sha.de\/pt-pt\/projectos\/estadios-e-instalacoes-desportivas\/borussia-dortmund-sala-para-os-futebolistas\" target=\"\">\n\t\t\t\t\t<span class=\"button-icon\"><i class=\"icon-arrow_next\"><\/i><\/span><span class=\"button-text\">Ler mais<\/span>\n\t\t\t\t<\/a>\n\t\t\t\t\t<\/div>\n\t<\/div>\n<\/div>\n\t\t\n\t\t\t\t\t<a href=\"https:\/\/sha.de\/pt-pt\/projectos\/estadios-e-instalacoes-desportivas\/borussia-dortmund-sala-para-os-futebolistas\" class=\"slide-image\" title=\"\"><img decoding=\"async\" src=\"https:\/\/sha.de\/wp-content\/uploads\/BVB-Borussia-Dortmund-Halle-Footbonaut-CE-2-706x564.jpg\" \/><\/a>\n\t\t\t<\/div>\n<\/div>\n\n\t\n\t<\/div>\n<\/article>\n\t\t\t\t\t\t<\/div>\n\t\t\t\t\t\t\t\t\t\t\t\t\t\t\t\t\t\t\t\t<div class=\"flex_column av_one_third referenz-column first column-top-margin\">\n\t\t\t\t\t\t\t<article id=\"\" class=\"card-entry referenz-entry static-button   text-align-left has-link   heading-link  has-button \">\n\t<div class=\"card-entry__inner\">\n\t\t\n\t\n\t\t<div class=\"card-entry__media media-type-\">\n\t<div class=\"card-entry__media-inner\">\n\n\t\t<div class=\"card_entry__referenz\">\n\t\t\t<div class=\"card_entry__referenz-inner\">\n\t\t\t\t\t\t\t\t\t<div class=\"card-entry__heading\">\n\t<div class=\"card-entry__heading-inner\">\n\n\n\t\t\t\n\t\t\t\n\t\t\t<a class=\"card-entry__link\" href=\"https:\/\/sha.de\/pt-pt\/projectos\/estadios-e-instalacoes-desportivas\/borussia-dortmund-centro-profissional\" target=\"_self\">\n\t\t\t\t\t\t\t<h3 class=\"card-entry__headline  \">\n\t\t\t\t\tBorussia Dortmund: Centro profissional\n\t\t\t\t<\/h3>\n\t\t\t\n\t\t\t\n\t\t<\/a>\n\t<\/div>\n<\/div>\n\t\t\t\t\t\t\t<\/div>\n\t\t<\/div>\n\n\t\t\t\t\t<div class=\"card-entry__action\">\n\t<div class=\"card-entry__action-inner\">\n\t\t<div class=\"card-entry__button-wrap avia-button-wrap avia-button-right theme-fill\">\n\t\t\t\t\t\t\t<a class=\"card-entry__button avia-button avia-button color-ci-black hover-yellow avia-size-small  avia-position-right\" href=\"https:\/\/sha.de\/pt-pt\/projectos\/estadios-e-instalacoes-desportivas\/borussia-dortmund-centro-profissional\" target=\"\">\n\t\t\t\t\t<span class=\"button-icon\"><i class=\"icon-arrow_next\"><\/i><\/span><span class=\"button-text\">Ler mais<\/span>\n\t\t\t\t<\/a>\n\t\t\t\t\t<\/div>\n\t<\/div>\n<\/div>\n\t\t\n\t\t\t\t\t<a href=\"https:\/\/sha.de\/pt-pt\/projectos\/estadios-e-instalacoes-desportivas\/borussia-dortmund-centro-profissional\" class=\"slide-image\" title=\"\"><img decoding=\"async\" src=\"https:\/\/sha.de\/wp-content\/uploads\/BVB-Profizentrum-5-706x564.jpg\" \/><\/a>\n\t\t\t<\/div>\n<\/div>\n\n\t\n\t<\/div>\n<\/article>\n\t\t\t\t\t\t<\/div>\n\t\t\t\t\t\t\t\t\t\t\t\t\t\t\t\t\t\t\t\t<div class=\"flex_column av_one_third bg-alternate referenz-column  column-top-margin\"><\/div>\n\t\t\t\t\t\t\t\t\t\t\t\t\t\t\t\t\t\t\t\t<div class=\"flex_column av_one_third bg-alternate referenz-column  column-top-margin\"><\/div>\n\t\t\t\t\t\t\t\t\t\t\t\t<\/div>\n\t\t\t\t\t<\/div>\n\t<\/div>\n\n\n","protected":false},"excerpt":{"rendered":"","protected":false},"author":4,"featured_media":0,"parent":30100,"menu_order":1,"comment_status":"closed","ping_status":"closed","template":"","meta":{"_acf_changed":false,"content-type":"","footnotes":""},"class_list":["post-38643","page","type-page","status-publish","hentry"],"acf":[],"yoast_head":"<!-- This site is optimized with the Yoast SEO plugin v27.4 - https:\/\/yoast.com\/product\/yoast-seo-wordpress\/ -->\n<title>Planeamento de est\u00e1dios e instala\u00e7\u00f5es desportivas | SHA Scheffler Helbich Architekten GmbH<\/title>\n<meta name=\"description\" content=\"Gabinete de arquitetura para planeamento de est\u00e1dios e instala\u00e7\u00f5es desportivas - projectos para Borussia Dortmund, FC St. Pauli e RB Leipzig \u27a7 Saiba mais!\" \/>\n<meta name=\"robots\" content=\"index, follow, max-snippet:-1, max-image-preview:large, max-video-preview:-1\" \/>\n<link rel=\"canonical\" href=\"https:\/\/sha.de\/pt-pt\/projectos\/estadios-e-instalacoes-desportivas\" \/>\n<meta property=\"og:locale\" content=\"pt_PT\" \/>\n<meta property=\"og:type\" content=\"article\" \/>\n<meta property=\"og:title\" content=\"Planeamento de est\u00e1dios e instala\u00e7\u00f5es desportivas | SHA Scheffler Helbich Architekten GmbH\" \/>\n<meta property=\"og:description\" content=\"Gabinete de arquitetura para planeamento de est\u00e1dios e instala\u00e7\u00f5es desportivas - projectos para Borussia Dortmund, FC St. Pauli e RB Leipzig \u27a7 Saiba mais!\" \/>\n<meta property=\"og:url\" content=\"https:\/\/sha.de\/pt-pt\/projectos\/estadios-e-instalacoes-desportivas\" \/>\n<meta property=\"og:site_name\" content=\"SHA Scheffler Helbich Architekten GmbH\" \/>\n<meta property=\"article:modified_time\" content=\"2024-08-28T13:01:57+00:00\" \/>\n<meta name=\"twitter:card\" content=\"summary_large_image\" \/>\n<meta name=\"twitter:label1\" content=\"Tempo estimado de leitura\" \/>\n\t<meta name=\"twitter:data1\" content=\"9 minutos\" \/>\n<script type=\"application\/ld+json\" class=\"yoast-schema-graph\">{\"@context\":\"https:\\\/\\\/schema.org\",\"@graph\":[{\"@type\":\"WebPage\",\"@id\":\"https:\\\/\\\/sha.de\\\/pt-pt\\\/projectos\\\/estadios-e-instalacoes-desportivas\",\"url\":\"https:\\\/\\\/sha.de\\\/pt-pt\\\/projectos\\\/estadios-e-instalacoes-desportivas\",\"name\":\"Planeamento de est\u00e1dios e instala\u00e7\u00f5es desportivas | SHA Scheffler Helbich Architekten GmbH\",\"isPartOf\":{\"@id\":\"https:\\\/\\\/sha.de\\\/pt-pt#website\"},\"datePublished\":\"2024-08-13T13:06:54+00:00\",\"dateModified\":\"2024-08-28T13:01:57+00:00\",\"description\":\"Gabinete de arquitetura para planeamento de est\u00e1dios e instala\u00e7\u00f5es desportivas - projectos para Borussia Dortmund, FC St. Pauli e RB Leipzig \u27a7 Saiba mais!\",\"breadcrumb\":{\"@id\":\"https:\\\/\\\/sha.de\\\/pt-pt\\\/projectos\\\/estadios-e-instalacoes-desportivas#breadcrumb\"},\"inLanguage\":\"pt-PT\",\"potentialAction\":[{\"@type\":\"ReadAction\",\"target\":[\"https:\\\/\\\/sha.de\\\/pt-pt\\\/projectos\\\/estadios-e-instalacoes-desportivas\"]}]},{\"@type\":\"BreadcrumbList\",\"@id\":\"https:\\\/\\\/sha.de\\\/pt-pt\\\/projectos\\\/estadios-e-instalacoes-desportivas#breadcrumb\",\"itemListElement\":[{\"@type\":\"ListItem\",\"position\":1,\"name\":\"Startseite\",\"item\":\"https:\\\/\\\/sha.de\\\/pt-pt\"},{\"@type\":\"ListItem\",\"position\":2,\"name\":\"Projectos\",\"item\":\"https:\\\/\\\/sha.de\\\/pt-pt\\\/projectos\"},{\"@type\":\"ListItem\",\"position\":3,\"name\":\"Est\u00e1dios e instala\u00e7\u00f5es desportivas\"}]},{\"@type\":\"WebSite\",\"@id\":\"https:\\\/\\\/sha.de\\\/pt-pt#website\",\"url\":\"https:\\\/\\\/sha.de\\\/pt-pt\",\"name\":\"SHA Scheffler Helbich Architekten GmbH\",\"description\":\"\",\"potentialAction\":[{\"@type\":\"SearchAction\",\"target\":{\"@type\":\"EntryPoint\",\"urlTemplate\":\"https:\\\/\\\/sha.de\\\/pt-pt?s={search_term_string}\"},\"query-input\":{\"@type\":\"PropertyValueSpecification\",\"valueRequired\":true,\"valueName\":\"search_term_string\"}}],\"inLanguage\":\"pt-PT\"}]}<\/script>\n<!-- \/ Yoast SEO plugin. -->","yoast_head_json":{"title":"Planeamento de est\u00e1dios e instala\u00e7\u00f5es desportivas | SHA Scheffler Helbich Architekten GmbH","description":"Gabinete de arquitetura para planeamento de est\u00e1dios e instala\u00e7\u00f5es desportivas - projectos para Borussia Dortmund, FC St. Pauli e RB Leipzig \u27a7 Saiba mais!","robots":{"index":"index","follow":"follow","max-snippet":"max-snippet:-1","max-image-preview":"max-image-preview:large","max-video-preview":"max-video-preview:-1"},"canonical":"https:\/\/sha.de\/pt-pt\/projectos\/estadios-e-instalacoes-desportivas","og_locale":"pt_PT","og_type":"article","og_title":"Planeamento de est\u00e1dios e instala\u00e7\u00f5es desportivas | SHA Scheffler Helbich Architekten GmbH","og_description":"Gabinete de arquitetura para planeamento de est\u00e1dios e instala\u00e7\u00f5es desportivas - projectos para Borussia Dortmund, FC St. Pauli e RB Leipzig \u27a7 Saiba mais!","og_url":"https:\/\/sha.de\/pt-pt\/projectos\/estadios-e-instalacoes-desportivas","og_site_name":"SHA Scheffler Helbich Architekten GmbH","article_modified_time":"2024-08-28T13:01:57+00:00","twitter_card":"summary_large_image","twitter_misc":{"Tempo estimado de leitura":"9 minutos"},"schema":{"@context":"https:\/\/schema.org","@graph":[{"@type":"WebPage","@id":"https:\/\/sha.de\/pt-pt\/projectos\/estadios-e-instalacoes-desportivas","url":"https:\/\/sha.de\/pt-pt\/projectos\/estadios-e-instalacoes-desportivas","name":"Planeamento de est\u00e1dios e instala\u00e7\u00f5es desportivas | SHA Scheffler Helbich Architekten GmbH","isPartOf":{"@id":"https:\/\/sha.de\/pt-pt#website"},"datePublished":"2024-08-13T13:06:54+00:00","dateModified":"2024-08-28T13:01:57+00:00","description":"Gabinete de arquitetura para planeamento de est\u00e1dios e instala\u00e7\u00f5es desportivas - projectos para Borussia Dortmund, FC St. Pauli e RB Leipzig \u27a7 Saiba mais!","breadcrumb":{"@id":"https:\/\/sha.de\/pt-pt\/projectos\/estadios-e-instalacoes-desportivas#breadcrumb"},"inLanguage":"pt-PT","potentialAction":[{"@type":"ReadAction","target":["https:\/\/sha.de\/pt-pt\/projectos\/estadios-e-instalacoes-desportivas"]}]},{"@type":"BreadcrumbList","@id":"https:\/\/sha.de\/pt-pt\/projectos\/estadios-e-instalacoes-desportivas#breadcrumb","itemListElement":[{"@type":"ListItem","position":1,"name":"Startseite","item":"https:\/\/sha.de\/pt-pt"},{"@type":"ListItem","position":2,"name":"Projectos","item":"https:\/\/sha.de\/pt-pt\/projectos"},{"@type":"ListItem","position":3,"name":"Est\u00e1dios e instala\u00e7\u00f5es desportivas"}]},{"@type":"WebSite","@id":"https:\/\/sha.de\/pt-pt#website","url":"https:\/\/sha.de\/pt-pt","name":"SHA Scheffler Helbich Architekten GmbH","description":"","potentialAction":[{"@type":"SearchAction","target":{"@type":"EntryPoint","urlTemplate":"https:\/\/sha.de\/pt-pt?s={search_term_string}"},"query-input":{"@type":"PropertyValueSpecification","valueRequired":true,"valueName":"search_term_string"}}],"inLanguage":"pt-PT"}]}},"_links":{"self":[{"href":"https:\/\/sha.de\/pt-pt\/wp-json\/wp\/v2\/pages\/38643","targetHints":{"allow":["GET"]}}],"collection":[{"href":"https:\/\/sha.de\/pt-pt\/wp-json\/wp\/v2\/pages"}],"about":[{"href":"https:\/\/sha.de\/pt-pt\/wp-json\/wp\/v2\/types\/page"}],"author":[{"embeddable":true,"href":"https:\/\/sha.de\/pt-pt\/wp-json\/wp\/v2\/users\/4"}],"replies":[{"embeddable":true,"href":"https:\/\/sha.de\/pt-pt\/wp-json\/wp\/v2\/comments?post=38643"}],"version-history":[{"count":10,"href":"https:\/\/sha.de\/pt-pt\/wp-json\/wp\/v2\/pages\/38643\/revisions"}],"predecessor-version":[{"id":38705,"href":"https:\/\/sha.de\/pt-pt\/wp-json\/wp\/v2\/pages\/38643\/revisions\/38705"}],"up":[{"embeddable":true,"href":"https:\/\/sha.de\/pt-pt\/wp-json\/wp\/v2\/pages\/30100"}],"wp:attachment":[{"href":"https:\/\/sha.de\/pt-pt\/wp-json\/wp\/v2\/media?parent=38643"}],"curies":[{"name":"wp","href":"https:\/\/api.w.org\/{rel}","templated":true}]}}